{"id":2316,"date":"2021-02-10T15:17:26","date_gmt":"2021-02-10T14:17:26","guid":{"rendered":"https:\/\/gem-equitation.fr\/lookbook\/?page_id=2316"},"modified":"2022-06-08T16:42:25","modified_gmt":"2022-06-08T14:42:25","slug":"univers-coup-de-coeur-gem-equitation","status":"publish","type":"page","link":"https:\/\/gem-equitation.fr\/lookbook\/univers-coup-de-coeur-gem-equitation\/","title":{"rendered":"Univers coup de coeur"},"content":{"rendered":"<section class=\"l-section wpb_row us_custom_887a049b height_medium\"><div class=\"l-section-h i-cf\"><div class=\"g-cols vc_row via_flex valign_top type_default stacking_default\"><div class=\"vc_col-sm-12 wpb_column vc_column_container\"><div class=\"vc_column-inner\"><div class=\"wpb_wrapper\">\n\t\t\t<!-- START Univers  Coup de coeur REVOLUTION SLIDER 6.7.29 --><p class=\"rs-p-wp-fix\"><\/p>\n\t\t\t<rs-module-wrap id=\"rev_slider_4_1_wrapper\" data-source=\"gallery\" style=\"visibility:hidden;background:transparent;padding:0;margin:0px auto;margin-top:0;margin-bottom:0;\">\n\t\t\t\t<rs-module id=\"rev_slider_4_1\" style=\"\" data-version=\"6.7.29\">\n\t\t\t\t\t<rs-slides style=\"overflow: hidden; position: absolute;\">\n\t\t\t\t\t\t<rs-slide style=\"position: absolute;\" data-key=\"rs-11\" data-title=\"Univers - concours\" data-anim=\"ms:1000;r:0;\" data-in=\"o:0;\" data-out=\"a:false;\">\n\t\t\t\t\t\t\t<img decoding=\"async\" src=\"\/\/gem-equitation.fr\/lookbook\/wp-content\/plugins\/revslider\/sr6\/assets\/assets\/dummy.png\" alt=\"\" title=\"Univers coup de coeur\" class=\"rev-slidebg tp-rs-img rs-lazyload\" data-lazyload=\"\/\/gem-equitation.fr\/lookbook\/wp-content\/plugins\/revslider\/sr6\/assets\/assets\/transparent.png\" data-no-retina>\n\t\t\t\t\t\t\t<rs-bgvideo \n\t\t\t\t\t\t\t\tdata-video=\"vc:none;w:100%;h:100%;sta:00:08;end:00:23;nse:false;l:true;ptimer:false;\"\n\t\t\t\t\t\t\t\tdata-ytid=\"by3v70Zftoc\"\n\t\t\t\t\t\t\t\tdata-vatr=\"version=3&amp;enablejsapi=1&amp;html5=1&amp;hd=1&amp;wmode=opaque&amp;showinfo=0&amp;rel=0&amp;origin=https:\/\/gem-equitation.fr;\"\n\t\t\t\t\t\t\t><\/rs-bgvideo>\n<!--\n\t\t\t\t\t\t\t--><rs-layer\n\t\t\t\t\t\t\t\tid=\"slider-4-slide-11-layer-0\" \n\t\t\t\t\t\t\t\tdata-type=\"text\"\n\t\t\t\t\t\t\t\tdata-rsp_ch=\"on\"\n\t\t\t\t\t\t\t\tdata-xy=\"x:c;xo:-229px,-229px,-229px,-88px;y:m;yo:11px,11px,11px,3px;\"\n\t\t\t\t\t\t\t\tdata-text=\"w:normal;s:180,180,180,69;l:304,304,304,117;fw:900;\"\n\t\t\t\t\t\t\t\tdata-frame_0=\"y:-100%;\"\n\t\t\t\t\t\t\t\tdata-frame_0_mask=\"u:t;\"\n\t\t\t\t\t\t\t\tdata-frame_1=\"st:790;sp:1200;sR:790;\"\n\t\t\t\t\t\t\t\tdata-frame_1_mask=\"u:t;\"\n\t\t\t\t\t\t\t\tdata-frame_999=\"o:0;st:w;sR:6010;\"\n\t\t\t\t\t\t\t\tstyle=\"z-index:10;font-family:'Roboto';\"\n\t\t\t\t\t\t\t>Coups de  \n\t\t\t\t\t\t\t<\/rs-layer><!--\n\n\t\t\t\t\t\t\t--><rs-layer\n\t\t\t\t\t\t\t\tid=\"slider-4-slide-11-layer-2\" \n\t\t\t\t\t\t\t\tdata-type=\"text\"\n\t\t\t\t\t\t\t\tdata-color=\"#ea545f\"\n\t\t\t\t\t\t\t\tdata-rsp_ch=\"on\"\n\t\t\t\t\t\t\t\tdata-xy=\"x:c;xo:-349px,-349px,-349px,-134px;y:m;yo:-137px,-137px,-137px,-52px;\"\n\t\t\t\t\t\t\t\tdata-text=\"w:normal;s:155,155,155,59;l:193,193,193,74;fw:500;\"\n\t\t\t\t\t\t\t\tdata-dim=\"w:535,535,535,206;\"\n\t\t\t\t\t\t\t\tdata-frame_0=\"x:-100%;\"\n\t\t\t\t\t\t\t\tdata-frame_0_mask=\"u:t;\"\n\t\t\t\t\t\t\t\tdata-frame_1=\"sp:1000;\"\n\t\t\t\t\t\t\t\tdata-frame_1_mask=\"u:t;\"\n\t\t\t\t\t\t\t\tdata-frame_999=\"o:0;st:w;sR:7000;\"\n\t\t\t\t\t\t\t\tstyle=\"z-index:11;font-family:'Roboto';\"\n\t\t\t\t\t\t\t>Univers \n\t\t\t\t\t\t\t<\/rs-layer><!--\n\n\t\t\t\t\t\t\t--><rs-layer\n\t\t\t\t\t\t\t\tid=\"slider-4-slide-11-layer-3\" \n\t\t\t\t\t\t\t\tdata-type=\"text\"\n\t\t\t\t\t\t\t\tdata-rsp_ch=\"on\"\n\t\t\t\t\t\t\t\tdata-xy=\"x:c;xo:351px,351px,351px,135px;y:m;yo:157px,157px,157px,60px;\"\n\t\t\t\t\t\t\t\tdata-text=\"w:normal;s:116,116,116,44;l:193,193,193,74;fw:500;\"\n\t\t\t\t\t\t\t\tdata-dim=\"w:1155px,1155px,1155px,446px;\"\n\t\t\t\t\t\t\t\tdata-frame_0=\"x:-100%;\"\n\t\t\t\t\t\t\t\tdata-frame_0_mask=\"u:t;\"\n\t\t\t\t\t\t\t\tdata-frame_1=\"st:1860;sp:1000;sR:1860;\"\n\t\t\t\t\t\t\t\tdata-frame_1_mask=\"u:t;\"\n\t\t\t\t\t\t\t\tdata-frame_999=\"o:0;st:w;sR:5140;\"\n\t\t\t\t\t\t\t\tstyle=\"z-index:8;font-family:'Roboto';\"\n\t\t\t\t\t\t\t>de la Team GEM \n\t\t\t\t\t\t\t<\/rs-layer><!--\n\n\t\t\t\t\t\t\t--><rs-layer\n\t\t\t\t\t\t\t\tid=\"slider-4-slide-11-layer-5\" \n\t\t\t\t\t\t\t\tdata-type=\"image\"\n\t\t\t\t\t\t\t\tdata-rsp_ch=\"on\"\n\t\t\t\t\t\t\t\tdata-xy=\"xo:808px,808px,808px,312px;yo:198px,198px,198px,75px;\"\n\t\t\t\t\t\t\t\tdata-text=\"w:normal;\"\n\t\t\t\t\t\t\t\tdata-dim=\"w:163px,163px,163px,62px;h:163px,163px,163px,62px;\"\n\t\t\t\t\t\t\t\tdata-frame_0=\"y:-100%;\"\n\t\t\t\t\t\t\t\tdata-frame_0_mask=\"u:t;\"\n\t\t\t\t\t\t\t\tdata-frame_1=\"st:890;sp:1200;sR:890;\"\n\t\t\t\t\t\t\t\tdata-frame_1_mask=\"u:t;\"\n\t\t\t\t\t\t\t\tdata-frame_999=\"o:0;st:w;sR:5910;\"\n\t\t\t\t\t\t\t\tstyle=\"z-index:9;\"\n\t\t\t\t\t\t\t><img decoding=\"async\" src=\"\/\/gem-equitation.fr\/lookbook\/wp-content\/plugins\/revslider\/sr6\/assets\/assets\/dummy.png\" alt=\"\" class=\"tp-rs-img rs-lazyload\" width=\"438\" height=\"438\" data-lazyload=\"\/\/gem-equitation.fr\/lookbook\/wp-content\/uploads\/2021\/02\/1-heart-simple-shape-silhouette.png\" data-no-retina> \n\t\t\t\t\t\t\t<\/rs-layer><!--\n-->\t\t\t\t\t<\/rs-slide>\n\t\t\t\t\t<\/rs-slides>\n\t\t\t\t<\/rs-module>\n\t\t\t\t<script>\n\t\t\t\t\tsetREVStartSize({c: 'rev_slider_4_1',rl:[1240,1240,1240,480],el:[550,550,550,720],gw:[1240,1240,1240,480],gh:[550,550,550,450],type:'standard',justify:'',layout:'fullwidth',mh:\"0\"});if (window.RS_MODULES!==undefined && window.RS_MODULES.modules!==undefined && window.RS_MODULES.modules[\"revslider41\"]!==undefined) {window.RS_MODULES.modules[\"revslider41\"].once = false;window.revapi4 = undefined;if (window.RS_MODULES.checkMinimal!==undefined) window.RS_MODULES.checkMinimal()}\n\t\t\t\t<\/script>\n\t\t\t<\/rs-module-wrap>\n\t\t\t<!-- END REVOLUTION SLIDER -->\n<\/div><\/div><\/div><\/div><\/div><\/section><section class=\"l-section wpb_row height_small\"><div class=\"l-section-h i-cf\"><div class=\"g-cols vc_row via_flex valign_top type_default stacking_default\"><div class=\"vc_col-sm-12 wpb_column vc_column_container\"><div class=\"vc_column-inner\"><div class=\"wpb_wrapper\"><div class=\"wpb_text_column us_custom_08249698\"><div class=\"wpb_wrapper\"><p style=\"text-align: center;\"><strong>La team GEM<\/strong>, c&rsquo;est avant tout 6<strong>\u00a0passionn\u00e9es de chevaux<\/strong>, qui ont toujours voulu \u00eatre styl\u00e9es \u00e0 cheval,<br \/>\nsans faire l&rsquo;impasse sur le confort.<br \/>\n<strong>Margaux<\/strong> a alors commenc\u00e9 \u00e0 dessiner les produits, <strong>Barbara<\/strong> \u00e0 les commercialiser.<br \/>\nPuis 2 autres <strong>Margaux<\/strong> ont rejoint la team (histoire que ce soit simple niveau pr\u00e9nom),<br \/>\nsuivies par notre <strong>Camille.<\/strong><br \/>\nEnfin, notre <strong>C\u00e9leste<\/strong>, pose toujours avec style pour GEM depuis ses d\u00e9buts ! On vous laisse ici d\u00e9couvrir leurs coups de coeur produits chez GEM.<\/p>\n<\/div><\/div><\/div><\/div><\/div><\/div><\/div><\/section><section class=\"l-section wpb_row height_medium\"><div class=\"l-section-h i-cf\"><div class=\"g-cols vc_row via_flex valign_top type_default stacking_default\"><div class=\"vc_col-sm-12 wpb_column vc_column_container\"><div class=\"vc_column-inner\"><div class=\"wpb_wrapper\"><div class=\"w-grid type_carousel layout_1813 items_4 ratio_1x1\" id=\"us_grid_1\" style=\"--items:4;--gap:30px;--item-ratio:1;\"><style>.layout_1813 .w-grid-item-h{background:#333}.layout_1813 .usg_post_image_1{transition-duration:0.35s;transform-origin:50% 50%;transform:scale(1) translate(0,0)}.layout_1813 .w-grid-item-h:hover .usg_post_image_1{transform:scale(1.1) translate(0,0);opacity:0.1}.layout_1813 .usg_post_image_1{position:absolute!important;top:0!important;right:0!important;bottom:0!important;left:0!important}.layout_1813 .usg_vwrapper_1{position:absolute!important;right:0!important;bottom:0!important;left:0!important;background:linear-gradient(transparent,rgba(30,30,30,0.8))!important;padding:4rem 2rem 1.5rem 2rem!important}.layout_1813 .usg_post_title_1{color:#fff!important;font-size:1.2rem!important}.layout_1813 .usg_post_taxonomy_1{color:#fff!important;font-size:0.9rem!important}<\/style><div class=\"w-grid-list owl-carousel valign_stretch dotstyle_circle navstyle_circle navpos_outside owl-responsive-2000 with_dots with_arrows\" style=\"--transition-duration:350ms;--arrows-size:1.5rem;--arrows-offset:1rem;\">\t<article class=\"w-grid-item custom-link post-2358 us_portfolio type-us_portfolio status-publish has-post-thumbnail hentry\" data-id=\"2358\">\r\n\t\t<div class=\"w-grid-item-h\">\r\n\t\t\t\t\t\t\t<a target=\"_blank\" href=\"https:\/\/gem-equitation.fr\/fr\/accueil\/494-tapis-de-selle-oldy.html?search_query=tapis+de+selle+oldy&amp;results=37#\/422-couleur_du_tapis_oldy-noir\" aria-label=\"Tapis de selle Oldy\"><\/a>\r\n\t\t\t\t\t\t<div class=\"w-post-elm post_image usg_post_image_1 stretched\"><img loading=\"lazy\" decoding=\"async\" width=\"300\" height=\"300\" src=\"https:\/\/gem-equitation.fr\/lookbook\/wp-content\/uploads\/2021\/02\/tapis-de-selle-oldy-2-300x300.jpg\" class=\"attachment-medium size-medium wp-post-image\" alt=\"\" srcset=\"https:\/\/gem-equitation.fr\/lookbook\/wp-content\/uploads\/2021\/02\/tapis-de-selle-oldy-2-300x300.jpg 300w, https:\/\/gem-equitation.fr\/lookbook\/wp-content\/uploads\/2021\/02\/tapis-de-selle-oldy-2-150x150.jpg 150w, https:\/\/gem-equitation.fr\/lookbook\/wp-content\/uploads\/2021\/02\/tapis-de-selle-oldy-2-350x350.jpg 350w, https:\/\/gem-equitation.fr\/lookbook\/wp-content\/uploads\/2021\/02\/tapis-de-selle-oldy-2-600x600.jpg 600w, https:\/\/gem-equitation.fr\/lookbook\/wp-content\/uploads\/2021\/02\/tapis-de-selle-oldy-2-420x420.jpg 420w, https:\/\/gem-equitation.fr\/lookbook\/wp-content\/uploads\/2021\/02\/tapis-de-selle-oldy-2-400x400.jpg 400w, https:\/\/gem-equitation.fr\/lookbook\/wp-content\/uploads\/2021\/02\/tapis-de-selle-oldy-2.jpg 800w, https:\/\/gem-equitation.fr\/lookbook\/wp-content\/uploads\/2021\/02\/tapis-de-selle-oldy-2-100x100.jpg 100w, https:\/\/gem-equitation.fr\/lookbook\/wp-content\/uploads\/2021\/02\/tapis-de-selle-oldy-2-200x200.jpg 200w, https:\/\/gem-equitation.fr\/lookbook\/wp-content\/uploads\/2021\/02\/tapis-de-selle-oldy-2-40x40.jpg 40w\" sizes=\"auto, (max-width: 300px) 100vw, 300px\" \/><\/div><div class=\"w-vwrapper usg_vwrapper_1 align_left valign_top\"><h2 class=\"w-post-elm post_title usg_post_title_1 has_text_color entry-title color_link_inherit\">Tapis de selle Oldy<\/h2><\/div>\t\t<\/div>\r\n\t\t\t<\/article>\r\n\t<article class=\"w-grid-item custom-link post-2338 us_portfolio type-us_portfolio status-publish has-post-thumbnail hentry\" data-id=\"2338\">\r\n\t\t<div class=\"w-grid-item-h\">\r\n\t\t\t\t\t\t\t<a target=\"_blank\" href=\"https:\/\/gem-equitation.fr\/fr\/pantalon-equitation-gem\/459-pantalon-dark-gem-equitation.html?search_query=pantalon+dark&amp;results=1#\/52-couleurs_textile-bleu_marine\/44-taille_pantalons-32\" aria-label=\"Pantalon Dark bleu orage\"><\/a>\r\n\t\t\t\t\t\t<div class=\"w-post-elm post_image usg_post_image_1 stretched\"><img loading=\"lazy\" decoding=\"async\" width=\"300\" height=\"300\" src=\"https:\/\/gem-equitation.fr\/lookbook\/wp-content\/uploads\/2021\/02\/pantalon-dark-gem-equitation-1-1-300x300.jpg\" class=\"attachment-medium size-medium wp-post-image\" alt=\"\" srcset=\"https:\/\/gem-equitation.fr\/lookbook\/wp-content\/uploads\/2021\/02\/pantalon-dark-gem-equitation-1-1-300x300.jpg 300w, https:\/\/gem-equitation.fr\/lookbook\/wp-content\/uploads\/2021\/02\/pantalon-dark-gem-equitation-1-1-150x150.jpg 150w, https:\/\/gem-equitation.fr\/lookbook\/wp-content\/uploads\/2021\/02\/pantalon-dark-gem-equitation-1-1-350x350.jpg 350w, https:\/\/gem-equitation.fr\/lookbook\/wp-content\/uploads\/2021\/02\/pantalon-dark-gem-equitation-1-1-600x600.jpg 600w, https:\/\/gem-equitation.fr\/lookbook\/wp-content\/uploads\/2021\/02\/pantalon-dark-gem-equitation-1-1-420x420.jpg 420w, https:\/\/gem-equitation.fr\/lookbook\/wp-content\/uploads\/2021\/02\/pantalon-dark-gem-equitation-1-1-400x400.jpg 400w, https:\/\/gem-equitation.fr\/lookbook\/wp-content\/uploads\/2021\/02\/pantalon-dark-gem-equitation-1-1.jpg 800w, https:\/\/gem-equitation.fr\/lookbook\/wp-content\/uploads\/2021\/02\/pantalon-dark-gem-equitation-1-1-100x100.jpg 100w, https:\/\/gem-equitation.fr\/lookbook\/wp-content\/uploads\/2021\/02\/pantalon-dark-gem-equitation-1-1-200x200.jpg 200w, https:\/\/gem-equitation.fr\/lookbook\/wp-content\/uploads\/2021\/02\/pantalon-dark-gem-equitation-1-1-40x40.jpg 40w\" sizes=\"auto, (max-width: 300px) 100vw, 300px\" \/><\/div><div class=\"w-vwrapper usg_vwrapper_1 align_left valign_top\"><h2 class=\"w-post-elm post_title usg_post_title_1 has_text_color entry-title color_link_inherit\">Pantalon Dark bleu orage<\/h2><\/div>\t\t<\/div>\r\n\t\t\t<\/article>\r\n\t<article class=\"w-grid-item custom-link post-9625 us_portfolio type-us_portfolio status-publish has-post-thumbnail hentry\" data-id=\"9625\">\r\n\t\t<div class=\"w-grid-item-h\">\r\n\t\t\t\t\t\t\t<a href=\"https:\/\/gem-equitation.fr\/fr\/tapis-velours\/701-tapis-de-selle-velours.html?search_query=velours&amp;results=4\" aria-label=\"Tapis velours noir\"><\/a>\r\n\t\t\t\t\t\t<div class=\"w-post-elm post_image usg_post_image_1 stretched\"><img loading=\"lazy\" decoding=\"async\" width=\"300\" height=\"300\" src=\"https:\/\/gem-equitation.fr\/lookbook\/wp-content\/uploads\/2022\/05\/tapis-de-selle-velours-300x300.jpeg\" class=\"attachment-medium size-medium wp-post-image\" alt=\"\" srcset=\"https:\/\/gem-equitation.fr\/lookbook\/wp-content\/uploads\/2022\/05\/tapis-de-selle-velours-300x300.jpeg 300w, https:\/\/gem-equitation.fr\/lookbook\/wp-content\/uploads\/2022\/05\/tapis-de-selle-velours-150x150.jpeg 150w, https:\/\/gem-equitation.fr\/lookbook\/wp-content\/uploads\/2022\/05\/tapis-de-selle-velours-350x350.jpeg 350w, https:\/\/gem-equitation.fr\/lookbook\/wp-content\/uploads\/2022\/05\/tapis-de-selle-velours-420x420.jpeg 420w, https:\/\/gem-equitation.fr\/lookbook\/wp-content\/uploads\/2022\/05\/tapis-de-selle-velours-400x400.jpeg 400w, https:\/\/gem-equitation.fr\/lookbook\/wp-content\/uploads\/2022\/05\/tapis-de-selle-velours-100x100.jpeg 100w, https:\/\/gem-equitation.fr\/lookbook\/wp-content\/uploads\/2022\/05\/tapis-de-selle-velours-200x200.jpeg 200w, https:\/\/gem-equitation.fr\/lookbook\/wp-content\/uploads\/2022\/05\/tapis-de-selle-velours.jpeg 458w, https:\/\/gem-equitation.fr\/lookbook\/wp-content\/uploads\/2022\/05\/tapis-de-selle-velours-40x40.jpeg 40w\" sizes=\"auto, (max-width: 300px) 100vw, 300px\" \/><\/div><div class=\"w-vwrapper usg_vwrapper_1 align_left valign_top\"><h2 class=\"w-post-elm post_title usg_post_title_1 has_text_color entry-title color_link_inherit\">Tapis velours noir<\/h2><\/div>\t\t<\/div>\r\n\t\t\t<\/article>\r\n\t<article class=\"w-grid-item custom-link post-9113 us_portfolio type-us_portfolio status-publish has-post-thumbnail hentry\" data-id=\"9113\">\r\n\t\t<div class=\"w-grid-item-h\">\r\n\t\t\t\t\t\t\t<a href=\"https:\/\/gem-equitation.fr\/fr\/pantalon-equitation-gem\/562-pantalon-cavaliere-rocky.html?search_query=rocky&amp;results=2\" aria-label=\"Pantalon Rocky blanc\"><\/a>\r\n\t\t\t\t\t\t<div class=\"w-post-elm post_image usg_post_image_1 stretched\"><img loading=\"lazy\" decoding=\"async\" width=\"300\" height=\"300\" src=\"https:\/\/gem-equitation.fr\/lookbook\/wp-content\/uploads\/2022\/04\/pantalon-cavaliere-rocky-studio--300x300.jpeg\" class=\"attachment-medium size-medium wp-post-image\" alt=\"\" srcset=\"https:\/\/gem-equitation.fr\/lookbook\/wp-content\/uploads\/2022\/04\/pantalon-cavaliere-rocky-studio--300x300.jpeg 300w, https:\/\/gem-equitation.fr\/lookbook\/wp-content\/uploads\/2022\/04\/pantalon-cavaliere-rocky-studio--150x150.jpeg 150w, https:\/\/gem-equitation.fr\/lookbook\/wp-content\/uploads\/2022\/04\/pantalon-cavaliere-rocky-studio--350x350.jpeg 350w, https:\/\/gem-equitation.fr\/lookbook\/wp-content\/uploads\/2022\/04\/pantalon-cavaliere-rocky-studio--420x420.jpeg 420w, https:\/\/gem-equitation.fr\/lookbook\/wp-content\/uploads\/2022\/04\/pantalon-cavaliere-rocky-studio--400x400.jpeg 400w, https:\/\/gem-equitation.fr\/lookbook\/wp-content\/uploads\/2022\/04\/pantalon-cavaliere-rocky-studio--100x100.jpeg 100w, https:\/\/gem-equitation.fr\/lookbook\/wp-content\/uploads\/2022\/04\/pantalon-cavaliere-rocky-studio--200x200.jpeg 200w, https:\/\/gem-equitation.fr\/lookbook\/wp-content\/uploads\/2022\/04\/pantalon-cavaliere-rocky-studio-.jpeg 458w, https:\/\/gem-equitation.fr\/lookbook\/wp-content\/uploads\/2022\/04\/pantalon-cavaliere-rocky-studio--40x40.jpeg 40w\" sizes=\"auto, (max-width: 300px) 100vw, 300px\" \/><\/div><div class=\"w-vwrapper usg_vwrapper_1 align_left valign_top\"><h2 class=\"w-post-elm post_title usg_post_title_1 has_text_color entry-title color_link_inherit\">Pantalon Rocky blanc<\/h2><\/div>\t\t<\/div>\r\n\t\t\t<\/article>\r\n\t<article class=\"w-grid-item custom-link post-9048 us_portfolio type-us_portfolio status-publish has-post-thumbnail hentry\" data-id=\"9048\">\r\n\t\t<div class=\"w-grid-item-h\">\r\n\t\t\t\t\t\t\t<a href=\"https:\/\/gem-equitation.fr\/fr\/sweats-et-pulls\/564-sweat-doowap.html?search_query=doowap&amp;results=1\" aria-label=\"Sweat Doowap\"><\/a>\r\n\t\t\t\t\t\t<div class=\"w-post-elm post_image usg_post_image_1 stretched\"><img loading=\"lazy\" decoding=\"async\" width=\"300\" height=\"300\" src=\"https:\/\/gem-equitation.fr\/lookbook\/wp-content\/uploads\/2022\/04\/doowap-studio-300x300.jpeg\" class=\"attachment-medium size-medium wp-post-image\" alt=\"\" srcset=\"https:\/\/gem-equitation.fr\/lookbook\/wp-content\/uploads\/2022\/04\/doowap-studio-300x300.jpeg 300w, https:\/\/gem-equitation.fr\/lookbook\/wp-content\/uploads\/2022\/04\/doowap-studio-150x150.jpeg 150w, https:\/\/gem-equitation.fr\/lookbook\/wp-content\/uploads\/2022\/04\/doowap-studio-350x350.jpeg 350w, https:\/\/gem-equitation.fr\/lookbook\/wp-content\/uploads\/2022\/04\/doowap-studio-600x600.jpeg 600w, https:\/\/gem-equitation.fr\/lookbook\/wp-content\/uploads\/2022\/04\/doowap-studio-420x420.jpeg 420w, https:\/\/gem-equitation.fr\/lookbook\/wp-content\/uploads\/2022\/04\/doowap-studio-400x400.jpeg 400w, https:\/\/gem-equitation.fr\/lookbook\/wp-content\/uploads\/2022\/04\/doowap-studio-100x100.jpeg 100w, https:\/\/gem-equitation.fr\/lookbook\/wp-content\/uploads\/2022\/04\/doowap-studio-200x200.jpeg 200w, https:\/\/gem-equitation.fr\/lookbook\/wp-content\/uploads\/2022\/04\/doowap-studio.jpeg 800w, https:\/\/gem-equitation.fr\/lookbook\/wp-content\/uploads\/2022\/04\/doowap-studio-40x40.jpeg 40w\" sizes=\"auto, (max-width: 300px) 100vw, 300px\" \/><\/div><div class=\"w-vwrapper usg_vwrapper_1 align_left valign_top\"><h2 class=\"w-post-elm post_title usg_post_title_1 has_text_color entry-title color_link_inherit\">Sweat Doowap<\/h2><\/div>\t\t<\/div>\r\n\t\t\t<\/article>\r\n\t<article class=\"w-grid-item custom-link post-9215 us_portfolio type-us_portfolio status-publish has-post-thumbnail hentry\" data-id=\"9215\">\r\n\t\t<div class=\"w-grid-item-h\">\r\n\t\t\t\t\t\t\t<a href=\"https:\/\/gem-equitation.fr\/fr\/sweats-et-pulls\/721-pull-cayet.html?search_query=cayet&amp;results=1\" aria-label=\"Pull Cayet\"><\/a>\r\n\t\t\t\t\t\t<div class=\"w-post-elm post_image usg_post_image_1 stretched\"><img loading=\"lazy\" decoding=\"async\" width=\"300\" height=\"300\" src=\"https:\/\/gem-equitation.fr\/lookbook\/wp-content\/uploads\/2022\/04\/pull-cayet-studio-300x300.jpeg\" class=\"attachment-medium size-medium wp-post-image\" alt=\"\" srcset=\"https:\/\/gem-equitation.fr\/lookbook\/wp-content\/uploads\/2022\/04\/pull-cayet-studio-300x300.jpeg 300w, https:\/\/gem-equitation.fr\/lookbook\/wp-content\/uploads\/2022\/04\/pull-cayet-studio-150x150.jpeg 150w, https:\/\/gem-equitation.fr\/lookbook\/wp-content\/uploads\/2022\/04\/pull-cayet-studio-350x350.jpeg 350w, https:\/\/gem-equitation.fr\/lookbook\/wp-content\/uploads\/2022\/04\/pull-cayet-studio-420x420.jpeg 420w, https:\/\/gem-equitation.fr\/lookbook\/wp-content\/uploads\/2022\/04\/pull-cayet-studio-400x400.jpeg 400w, https:\/\/gem-equitation.fr\/lookbook\/wp-content\/uploads\/2022\/04\/pull-cayet-studio-100x100.jpeg 100w, https:\/\/gem-equitation.fr\/lookbook\/wp-content\/uploads\/2022\/04\/pull-cayet-studio-200x200.jpeg 200w, https:\/\/gem-equitation.fr\/lookbook\/wp-content\/uploads\/2022\/04\/pull-cayet-studio.jpeg 458w, https:\/\/gem-equitation.fr\/lookbook\/wp-content\/uploads\/2022\/04\/pull-cayet-studio-40x40.jpeg 40w\" sizes=\"auto, (max-width: 300px) 100vw, 300px\" \/><\/div><div class=\"w-vwrapper usg_vwrapper_1 align_left valign_top\"><h2 class=\"w-post-elm post_title usg_post_title_1 has_text_color entry-title color_link_inherit\">Pull Cayet<\/h2><\/div>\t\t<\/div>\r\n\t\t\t<\/article>\r\n\t<article class=\"w-grid-item custom-link post-9030 us_portfolio type-us_portfolio status-publish has-post-thumbnail hentry\" data-id=\"9030\">\r\n\t\t<div class=\"w-grid-item-h\">\r\n\t\t\t\t\t\t\t<a href=\"https:\/\/gem-equitation.fr\/fr\/accessoires\/652-casquette-lipsy.html?search_query=casquette+lipsy&amp;results=2\" aria-label=\"Casquette Lipsy\"><\/a>\r\n\t\t\t\t\t\t<div class=\"w-post-elm post_image usg_post_image_1 stretched\"><img loading=\"lazy\" decoding=\"async\" width=\"300\" height=\"300\" src=\"https:\/\/gem-equitation.fr\/lookbook\/wp-content\/uploads\/2022\/04\/casquette-lipsy-studio-300x300.jpeg\" class=\"attachment-medium size-medium wp-post-image\" alt=\"\" srcset=\"https:\/\/gem-equitation.fr\/lookbook\/wp-content\/uploads\/2022\/04\/casquette-lipsy-studio-300x300.jpeg 300w, https:\/\/gem-equitation.fr\/lookbook\/wp-content\/uploads\/2022\/04\/casquette-lipsy-studio-150x150.jpeg 150w, https:\/\/gem-equitation.fr\/lookbook\/wp-content\/uploads\/2022\/04\/casquette-lipsy-studio-350x350.jpeg 350w, https:\/\/gem-equitation.fr\/lookbook\/wp-content\/uploads\/2022\/04\/casquette-lipsy-studio-420x420.jpeg 420w, https:\/\/gem-equitation.fr\/lookbook\/wp-content\/uploads\/2022\/04\/casquette-lipsy-studio-400x400.jpeg 400w, https:\/\/gem-equitation.fr\/lookbook\/wp-content\/uploads\/2022\/04\/casquette-lipsy-studio-100x100.jpeg 100w, https:\/\/gem-equitation.fr\/lookbook\/wp-content\/uploads\/2022\/04\/casquette-lipsy-studio-200x200.jpeg 200w, https:\/\/gem-equitation.fr\/lookbook\/wp-content\/uploads\/2022\/04\/casquette-lipsy-studio.jpeg 458w, https:\/\/gem-equitation.fr\/lookbook\/wp-content\/uploads\/2022\/04\/casquette-lipsy-studio-40x40.jpeg 40w\" sizes=\"auto, (max-width: 300px) 100vw, 300px\" \/><\/div><div class=\"w-vwrapper usg_vwrapper_1 align_left valign_top\"><h2 class=\"w-post-elm post_title usg_post_title_1 has_text_color entry-title color_link_inherit\">Casquette Lipsy<\/h2><\/div>\t\t<\/div>\r\n\t\t\t<\/article>\r\n\t<article class=\"w-grid-item custom-link post-9018 us_portfolio type-us_portfolio status-publish has-post-thumbnail hentry\" data-id=\"9018\">\r\n\t\t<div class=\"w-grid-item-h\">\r\n\t\t\t\t\t\t\t<a href=\"https:\/\/gem-equitation.fr\/fr\/sweats-et-pulls\/730-pull-karma.html\" aria-label=\"Pull Karma\"><\/a>\r\n\t\t\t\t\t\t<div class=\"w-post-elm post_image usg_post_image_1 stretched\"><img loading=\"lazy\" decoding=\"async\" width=\"300\" height=\"300\" src=\"https:\/\/gem-equitation.fr\/lookbook\/wp-content\/uploads\/2022\/04\/karma-studio-1-300x300.jpeg\" class=\"attachment-medium size-medium wp-post-image\" alt=\"\" srcset=\"https:\/\/gem-equitation.fr\/lookbook\/wp-content\/uploads\/2022\/04\/karma-studio-1-300x300.jpeg 300w, https:\/\/gem-equitation.fr\/lookbook\/wp-content\/uploads\/2022\/04\/karma-studio-1-150x150.jpeg 150w, https:\/\/gem-equitation.fr\/lookbook\/wp-content\/uploads\/2022\/04\/karma-studio-1-350x350.jpeg 350w, https:\/\/gem-equitation.fr\/lookbook\/wp-content\/uploads\/2022\/04\/karma-studio-1-600x600.jpeg 600w, https:\/\/gem-equitation.fr\/lookbook\/wp-content\/uploads\/2022\/04\/karma-studio-1-420x420.jpeg 420w, https:\/\/gem-equitation.fr\/lookbook\/wp-content\/uploads\/2022\/04\/karma-studio-1-400x400.jpeg 400w, https:\/\/gem-equitation.fr\/lookbook\/wp-content\/uploads\/2022\/04\/karma-studio-1-100x100.jpeg 100w, https:\/\/gem-equitation.fr\/lookbook\/wp-content\/uploads\/2022\/04\/karma-studio-1-200x200.jpeg 200w, https:\/\/gem-equitation.fr\/lookbook\/wp-content\/uploads\/2022\/04\/karma-studio-1.jpeg 800w, https:\/\/gem-equitation.fr\/lookbook\/wp-content\/uploads\/2022\/04\/karma-studio-1-40x40.jpeg 40w\" sizes=\"auto, (max-width: 300px) 100vw, 300px\" \/><\/div><div class=\"w-vwrapper usg_vwrapper_1 align_left valign_top\"><h2 class=\"w-post-elm post_title usg_post_title_1 has_text_color entry-title color_link_inherit\">Pull Karma<\/h2><\/div>\t\t<\/div>\r\n\t\t\t<\/article>\r\n\t<article class=\"w-grid-item custom-link post-9110 us_portfolio type-us_portfolio status-publish has-post-thumbnail hentry\" data-id=\"9110\">\r\n\t\t<div class=\"w-grid-item-h\">\r\n\t\t\t\t\t\t\t<a href=\"https:\/\/gem-equitation.fr\/fr\/polo-de-concours\/726-polo-de-concours-up.html?search_query=polo+up&amp;results=5\" aria-label=\"Polo de concours Up\"><\/a>\r\n\t\t\t\t\t\t<div class=\"w-post-elm post_image usg_post_image_1 stretched\"><img loading=\"lazy\" decoding=\"async\" width=\"300\" height=\"300\" src=\"https:\/\/gem-equitation.fr\/lookbook\/wp-content\/uploads\/2022\/04\/polo-de-concours-up-studio-300x300.jpeg\" class=\"attachment-medium size-medium wp-post-image\" alt=\"\" srcset=\"https:\/\/gem-equitation.fr\/lookbook\/wp-content\/uploads\/2022\/04\/polo-de-concours-up-studio-300x300.jpeg 300w, https:\/\/gem-equitation.fr\/lookbook\/wp-content\/uploads\/2022\/04\/polo-de-concours-up-studio-150x150.jpeg 150w, https:\/\/gem-equitation.fr\/lookbook\/wp-content\/uploads\/2022\/04\/polo-de-concours-up-studio-350x350.jpeg 350w, https:\/\/gem-equitation.fr\/lookbook\/wp-content\/uploads\/2022\/04\/polo-de-concours-up-studio-420x420.jpeg 420w, https:\/\/gem-equitation.fr\/lookbook\/wp-content\/uploads\/2022\/04\/polo-de-concours-up-studio-400x400.jpeg 400w, https:\/\/gem-equitation.fr\/lookbook\/wp-content\/uploads\/2022\/04\/polo-de-concours-up-studio-100x100.jpeg 100w, https:\/\/gem-equitation.fr\/lookbook\/wp-content\/uploads\/2022\/04\/polo-de-concours-up-studio-200x200.jpeg 200w, https:\/\/gem-equitation.fr\/lookbook\/wp-content\/uploads\/2022\/04\/polo-de-concours-up-studio.jpeg 458w, https:\/\/gem-equitation.fr\/lookbook\/wp-content\/uploads\/2022\/04\/polo-de-concours-up-studio-40x40.jpeg 40w\" sizes=\"auto, (max-width: 300px) 100vw, 300px\" \/><\/div><div class=\"w-vwrapper usg_vwrapper_1 align_left valign_top\"><h2 class=\"w-post-elm post_title usg_post_title_1 has_text_color entry-title color_link_inherit\">Polo de concours Up<\/h2><\/div>\t\t<\/div>\r\n\t\t\t<\/article>\r\n\t<article class=\"w-grid-item custom-link post-9210 us_portfolio type-us_portfolio status-publish has-post-thumbnail hentry\" data-id=\"9210\">\r\n\t\t<div class=\"w-grid-item-h\">\r\n\t\t\t\t\t\t\t<a href=\"https:\/\/gem-equitation.fr\/fr\/sweats-et-pulls\/724-sweat-natchou.html?search_query=natchou&amp;results=1\" aria-label=\"Sweat Natchou\"><\/a>\r\n\t\t\t\t\t\t<div class=\"w-post-elm post_image usg_post_image_1 stretched\"><img loading=\"lazy\" decoding=\"async\" width=\"300\" height=\"300\" src=\"https:\/\/gem-equitation.fr\/lookbook\/wp-content\/uploads\/2022\/04\/sweat-natchou-studio-300x300.jpeg\" class=\"attachment-medium size-medium wp-post-image\" alt=\"\" srcset=\"https:\/\/gem-equitation.fr\/lookbook\/wp-content\/uploads\/2022\/04\/sweat-natchou-studio-300x300.jpeg 300w, https:\/\/gem-equitation.fr\/lookbook\/wp-content\/uploads\/2022\/04\/sweat-natchou-studio-150x150.jpeg 150w, https:\/\/gem-equitation.fr\/lookbook\/wp-content\/uploads\/2022\/04\/sweat-natchou-studio-350x350.jpeg 350w, https:\/\/gem-equitation.fr\/lookbook\/wp-content\/uploads\/2022\/04\/sweat-natchou-studio-420x420.jpeg 420w, https:\/\/gem-equitation.fr\/lookbook\/wp-content\/uploads\/2022\/04\/sweat-natchou-studio-400x400.jpeg 400w, https:\/\/gem-equitation.fr\/lookbook\/wp-content\/uploads\/2022\/04\/sweat-natchou-studio-100x100.jpeg 100w, https:\/\/gem-equitation.fr\/lookbook\/wp-content\/uploads\/2022\/04\/sweat-natchou-studio-200x200.jpeg 200w, https:\/\/gem-equitation.fr\/lookbook\/wp-content\/uploads\/2022\/04\/sweat-natchou-studio.jpeg 458w, https:\/\/gem-equitation.fr\/lookbook\/wp-content\/uploads\/2022\/04\/sweat-natchou-studio-40x40.jpeg 40w\" sizes=\"auto, (max-width: 300px) 100vw, 300px\" \/><\/div><div class=\"w-vwrapper usg_vwrapper_1 align_left valign_top\"><h2 class=\"w-post-elm post_title usg_post_title_1 has_text_color entry-title color_link_inherit\">Sweat Natchou<\/h2><\/div>\t\t<\/div>\r\n\t\t\t<\/article>\r\n\t<article class=\"w-grid-item custom-link post-9202 us_portfolio type-us_portfolio status-publish has-post-thumbnail hentry\" data-id=\"9202\">\r\n\t\t<div class=\"w-grid-item-h\">\r\n\t\t\t\t\t\t\t<a href=\"https:\/\/gem-equitation.fr\/fr\/accessoires\/728-chapeau-felix.html?search_query=felix&amp;results=1\" aria-label=\"Chapeau F\u00e9lix\"><\/a>\r\n\t\t\t\t\t\t<div class=\"w-post-elm post_image usg_post_image_1 stretched\"><img loading=\"lazy\" decoding=\"async\" width=\"300\" height=\"300\" src=\"https:\/\/gem-equitation.fr\/lookbook\/wp-content\/uploads\/2022\/04\/fe\u0301lix-studio-300x300.jpeg\" class=\"attachment-medium size-medium wp-post-image\" alt=\"\" srcset=\"https:\/\/gem-equitation.fr\/lookbook\/wp-content\/uploads\/2022\/04\/fe\u0301lix-studio-300x300.jpeg 300w, https:\/\/gem-equitation.fr\/lookbook\/wp-content\/uploads\/2022\/04\/fe\u0301lix-studio-150x150.jpeg 150w, https:\/\/gem-equitation.fr\/lookbook\/wp-content\/uploads\/2022\/04\/fe\u0301lix-studio-350x350.jpeg 350w, https:\/\/gem-equitation.fr\/lookbook\/wp-content\/uploads\/2022\/04\/fe\u0301lix-studio-420x420.jpeg 420w, https:\/\/gem-equitation.fr\/lookbook\/wp-content\/uploads\/2022\/04\/fe\u0301lix-studio-400x400.jpeg 400w, https:\/\/gem-equitation.fr\/lookbook\/wp-content\/uploads\/2022\/04\/fe\u0301lix-studio-100x100.jpeg 100w, https:\/\/gem-equitation.fr\/lookbook\/wp-content\/uploads\/2022\/04\/fe\u0301lix-studio-200x200.jpeg 200w, https:\/\/gem-equitation.fr\/lookbook\/wp-content\/uploads\/2022\/04\/fe\u0301lix-studio.jpeg 458w, https:\/\/gem-equitation.fr\/lookbook\/wp-content\/uploads\/2022\/04\/fe\u0301lix-studio-40x40.jpeg 40w\" sizes=\"auto, (max-width: 300px) 100vw, 300px\" \/><\/div><div class=\"w-vwrapper usg_vwrapper_1 align_left valign_top\"><h2 class=\"w-post-elm post_title usg_post_title_1 has_text_color entry-title color_link_inherit\">Chapeau F\u00e9lix<\/h2><\/div>\t\t<\/div>\r\n\t\t\t<\/article>\r\n\t<article class=\"w-grid-item custom-link post-9053 us_portfolio type-us_portfolio status-publish has-post-thumbnail hentry\" data-id=\"9053\">\r\n\t\t<div class=\"w-grid-item-h\">\r\n\t\t\t\t\t\t\t<a href=\"https:\/\/gem-equitation.fr\/fr\/accessoires\/727-visiere-mati.html?search_query=mati&amp;results=16\" aria-label=\"Visi\u00e8re Mati\"><\/a>\r\n\t\t\t\t\t\t<div class=\"w-post-elm post_image usg_post_image_1 stretched\"><img loading=\"lazy\" decoding=\"async\" width=\"300\" height=\"300\" src=\"https:\/\/gem-equitation.fr\/lookbook\/wp-content\/uploads\/2022\/04\/visiere-mati-studio-300x300.jpeg\" class=\"attachment-medium size-medium wp-post-image\" alt=\"\" srcset=\"https:\/\/gem-equitation.fr\/lookbook\/wp-content\/uploads\/2022\/04\/visiere-mati-studio-300x300.jpeg 300w, https:\/\/gem-equitation.fr\/lookbook\/wp-content\/uploads\/2022\/04\/visiere-mati-studio-150x150.jpeg 150w, https:\/\/gem-equitation.fr\/lookbook\/wp-content\/uploads\/2022\/04\/visiere-mati-studio-350x350.jpeg 350w, https:\/\/gem-equitation.fr\/lookbook\/wp-content\/uploads\/2022\/04\/visiere-mati-studio-420x420.jpeg 420w, https:\/\/gem-equitation.fr\/lookbook\/wp-content\/uploads\/2022\/04\/visiere-mati-studio-400x400.jpeg 400w, https:\/\/gem-equitation.fr\/lookbook\/wp-content\/uploads\/2022\/04\/visiere-mati-studio-100x100.jpeg 100w, https:\/\/gem-equitation.fr\/lookbook\/wp-content\/uploads\/2022\/04\/visiere-mati-studio-200x200.jpeg 200w, https:\/\/gem-equitation.fr\/lookbook\/wp-content\/uploads\/2022\/04\/visiere-mati-studio.jpeg 458w, https:\/\/gem-equitation.fr\/lookbook\/wp-content\/uploads\/2022\/04\/visiere-mati-studio-40x40.jpeg 40w\" sizes=\"auto, (max-width: 300px) 100vw, 300px\" \/><\/div><div class=\"w-vwrapper usg_vwrapper_1 align_left valign_top\"><h2 class=\"w-post-elm post_title usg_post_title_1 has_text_color entry-title color_link_inherit\">Visi\u00e8re Mati<\/h2><\/div>\t\t<\/div>\r\n\t\t\t<\/article>\r\n\t<article class=\"w-grid-item custom-link post-9034 us_portfolio type-us_portfolio status-publish has-post-thumbnail hentry\" data-id=\"9034\">\r\n\t\t<div class=\"w-grid-item-h\">\r\n\t\t\t\t\t\t\t<a href=\"https:\/\/gem-equitation.fr\/fr\/accueil\/553-amortisseur-3d-mouton-cheval-ou-poney-3683080446165.html\" aria-label=\"Amortisseur 3D mouton\"><\/a>\r\n\t\t\t\t\t\t<div class=\"w-post-elm post_image usg_post_image_1 stretched\"><img loading=\"lazy\" decoding=\"async\" width=\"300\" height=\"300\" src=\"https:\/\/gem-equitation.fr\/lookbook\/wp-content\/uploads\/2022\/04\/amortisseur-3D-mouton-300x300.jpeg\" class=\"attachment-medium size-medium wp-post-image\" alt=\"\" srcset=\"https:\/\/gem-equitation.fr\/lookbook\/wp-content\/uploads\/2022\/04\/amortisseur-3D-mouton-300x300.jpeg 300w, https:\/\/gem-equitation.fr\/lookbook\/wp-content\/uploads\/2022\/04\/amortisseur-3D-mouton-150x150.jpeg 150w, https:\/\/gem-equitation.fr\/lookbook\/wp-content\/uploads\/2022\/04\/amortisseur-3D-mouton-350x350.jpeg 350w, https:\/\/gem-equitation.fr\/lookbook\/wp-content\/uploads\/2022\/04\/amortisseur-3D-mouton-420x420.jpeg 420w, https:\/\/gem-equitation.fr\/lookbook\/wp-content\/uploads\/2022\/04\/amortisseur-3D-mouton-400x400.jpeg 400w, https:\/\/gem-equitation.fr\/lookbook\/wp-content\/uploads\/2022\/04\/amortisseur-3D-mouton-100x100.jpeg 100w, https:\/\/gem-equitation.fr\/lookbook\/wp-content\/uploads\/2022\/04\/amortisseur-3D-mouton-200x200.jpeg 200w, https:\/\/gem-equitation.fr\/lookbook\/wp-content\/uploads\/2022\/04\/amortisseur-3D-mouton.jpeg 458w, https:\/\/gem-equitation.fr\/lookbook\/wp-content\/uploads\/2022\/04\/amortisseur-3D-mouton-40x40.jpeg 40w\" sizes=\"auto, (max-width: 300px) 100vw, 300px\" \/><\/div><div class=\"w-vwrapper usg_vwrapper_1 align_left valign_top\"><h2 class=\"w-post-elm post_title usg_post_title_1 has_text_color entry-title color_link_inherit\">Amortisseur 3D mouton<\/h2><\/div>\t\t<\/div>\r\n\t\t\t<\/article>\r\n\t<article class=\"w-grid-item custom-link post-9631 us_portfolio type-us_portfolio status-publish has-post-thumbnail hentry\" data-id=\"9631\">\r\n\t\t<div class=\"w-grid-item-h\">\r\n\t\t\t\t\t\t\t<a href=\"https:\/\/gem-equitation.fr\/fr\/pantalon-equitation-gem\/562-pantalon-cavaliere-rocky.html?search_query=rocky&amp;results=1#\/44-taille_pantalons-32\/55-couleurs_textile-noir\" aria-label=\"Pantalon Rocky noir\"><\/a>\r\n\t\t\t\t\t\t<div class=\"w-post-elm post_image usg_post_image_1 stretched\"><img loading=\"lazy\" decoding=\"async\" width=\"300\" height=\"300\" src=\"https:\/\/gem-equitation.fr\/lookbook\/wp-content\/uploads\/2022\/05\/pantalon-cavaliere-rocky-300x300.jpeg\" class=\"attachment-medium size-medium wp-post-image\" alt=\"\" srcset=\"https:\/\/gem-equitation.fr\/lookbook\/wp-content\/uploads\/2022\/05\/pantalon-cavaliere-rocky-300x300.jpeg 300w, https:\/\/gem-equitation.fr\/lookbook\/wp-content\/uploads\/2022\/05\/pantalon-cavaliere-rocky-150x150.jpeg 150w, https:\/\/gem-equitation.fr\/lookbook\/wp-content\/uploads\/2022\/05\/pantalon-cavaliere-rocky-350x350.jpeg 350w, https:\/\/gem-equitation.fr\/lookbook\/wp-content\/uploads\/2022\/05\/pantalon-cavaliere-rocky-420x420.jpeg 420w, https:\/\/gem-equitation.fr\/lookbook\/wp-content\/uploads\/2022\/05\/pantalon-cavaliere-rocky-400x400.jpeg 400w, https:\/\/gem-equitation.fr\/lookbook\/wp-content\/uploads\/2022\/05\/pantalon-cavaliere-rocky-100x100.jpeg 100w, https:\/\/gem-equitation.fr\/lookbook\/wp-content\/uploads\/2022\/05\/pantalon-cavaliere-rocky-200x200.jpeg 200w, https:\/\/gem-equitation.fr\/lookbook\/wp-content\/uploads\/2022\/05\/pantalon-cavaliere-rocky.jpeg 458w, https:\/\/gem-equitation.fr\/lookbook\/wp-content\/uploads\/2022\/05\/pantalon-cavaliere-rocky-40x40.jpeg 40w\" sizes=\"auto, (max-width: 300px) 100vw, 300px\" \/><\/div><div class=\"w-vwrapper usg_vwrapper_1 align_left valign_top\"><h2 class=\"w-post-elm post_title usg_post_title_1 has_text_color entry-title color_link_inherit\">Pantalon Rocky noir<\/h2><\/div>\t\t<\/div>\r\n\t\t\t<\/article>\r\n\t<article class=\"w-grid-item custom-link post-9637 us_portfolio type-us_portfolio status-publish has-post-thumbnail hentry\" data-id=\"9637\">\r\n\t\t<div class=\"w-grid-item-h\">\r\n\t\t\t\t\t\t\t<a href=\"https:\/\/gem-equitation.fr\/fr\/tee-shirt-gem-equitation\/725-debardeur-vicomte.html?search_query=vicomte&amp;results=1#\/172-taille_textile_harpro-xxs_32\/61-couleurs_textile-bleu_ciel\" aria-label=\"D\u00e9bardeur Vicomte lagon\"><\/a>\r\n\t\t\t\t\t\t<div class=\"w-post-elm post_image usg_post_image_1 stretched\"><img loading=\"lazy\" decoding=\"async\" width=\"300\" height=\"300\" src=\"https:\/\/gem-equitation.fr\/lookbook\/wp-content\/uploads\/2022\/05\/debardeur-vicomte-300x300.jpeg\" class=\"attachment-medium size-medium wp-post-image\" alt=\"\" srcset=\"https:\/\/gem-equitation.fr\/lookbook\/wp-content\/uploads\/2022\/05\/debardeur-vicomte-300x300.jpeg 300w, https:\/\/gem-equitation.fr\/lookbook\/wp-content\/uploads\/2022\/05\/debardeur-vicomte-150x150.jpeg 150w, https:\/\/gem-equitation.fr\/lookbook\/wp-content\/uploads\/2022\/05\/debardeur-vicomte-350x350.jpeg 350w, https:\/\/gem-equitation.fr\/lookbook\/wp-content\/uploads\/2022\/05\/debardeur-vicomte-600x600.jpeg 600w, https:\/\/gem-equitation.fr\/lookbook\/wp-content\/uploads\/2022\/05\/debardeur-vicomte-420x420.jpeg 420w, https:\/\/gem-equitation.fr\/lookbook\/wp-content\/uploads\/2022\/05\/debardeur-vicomte-400x400.jpeg 400w, https:\/\/gem-equitation.fr\/lookbook\/wp-content\/uploads\/2022\/05\/debardeur-vicomte-100x100.jpeg 100w, https:\/\/gem-equitation.fr\/lookbook\/wp-content\/uploads\/2022\/05\/debardeur-vicomte-200x200.jpeg 200w, https:\/\/gem-equitation.fr\/lookbook\/wp-content\/uploads\/2022\/05\/debardeur-vicomte.jpeg 800w, https:\/\/gem-equitation.fr\/lookbook\/wp-content\/uploads\/2022\/05\/debardeur-vicomte-40x40.jpeg 40w\" sizes=\"auto, (max-width: 300px) 100vw, 300px\" \/><\/div><div class=\"w-vwrapper usg_vwrapper_1 align_left valign_top\"><h2 class=\"w-post-elm post_title usg_post_title_1 has_text_color entry-title color_link_inherit\">D\u00e9bardeur Vicomte lagon<\/h2><\/div>\t\t<\/div>\r\n\t\t\t<\/article>\r\n<\/div>\t<div class=\"g-preloader type_1\">\r\n\t\t<div><\/div>\r\n\t<\/div>\r\n\t\t<div class=\"w-grid-json hidden\" onclick='return {&quot;action&quot;:&quot;us_ajax_grid&quot;,&quot;infinite_scroll&quot;:0,&quot;max_num_pages&quot;:1,&quot;pagination&quot;:&quot;none&quot;,&quot;template_vars&quot;:{&quot;columns&quot;:&quot;&quot;,&quot;exclude_items&quot;:&quot;none&quot;,&quot;img_size&quot;:&quot;medium&quot;,&quot;ignore_items_size&quot;:0,&quot;items_layout&quot;:&quot;1813&quot;,&quot;items_offset&quot;:&quot;0px&quot;,&quot;load_animation&quot;:&quot;none&quot;,&quot;overriding_link&quot;:&quot;post&quot;,&quot;post_id&quot;:0,&quot;query_args&quot;:{&quot;ignore_sticky_posts&quot;:1,&quot;post_type&quot;:&quot;any&quot;,&quot;post__in&quot;:[&quot;2358&quot;,&quot;2338&quot;,&quot;9625&quot;,&quot;9113&quot;,&quot;9048&quot;,&quot;9215&quot;,&quot;9030&quot;,&quot;9018&quot;,&quot;9110&quot;,&quot;9210&quot;,&quot;9202&quot;,&quot;9053&quot;,&quot;9034&quot;,&quot;9631&quot;,&quot;9637&quot;],&quot;posts_per_page&quot;:999},&quot;orderby_query_args&quot;:{&quot;orderby&quot;:{&quot;post__in&quot;:&quot;ASC&quot;},&quot;order&quot;:&quot;ASC&quot;},&quot;type&quot;:&quot;carousel&quot;,&quot;us_grid_post_type&quot;:&quot;ids&quot;,&quot;us_grid_ajax_index&quot;:1,&quot;us_grid_filter_query_string&quot;:null,&quot;us_grid_index&quot;:1,&quot;page_args&quot;:[]},&quot;carousel_settings&quot;:{&quot;aria_labels&quot;:{&quot;prev&quot;:&quot;Pr\\u00e9c\\u00e9dent&quot;,&quot;next&quot;:&quot;Suivant&quot;},&quot;autoplayContinual&quot;:false,&quot;autoplayHoverPause&quot;:false,&quot;autoplayTimeout&quot;:3000,&quot;autoWidth&quot;:false,&quot;smartSpeed&quot;:350,&quot;margin&quot;:0,&quot;mouseDrag&quot;:true,&quot;rtl&quot;:false,&quot;slideBy&quot;:&quot;1&quot;,&quot;touchDrag&quot;:true,&quot;slideTransition&quot;:&quot;&quot;,&quot;responsive&quot;:{&quot;0&quot;:{&quot;autoHeight&quot;:false,&quot;autoplay&quot;:true,&quot;autoWidth&quot;:false,&quot;center&quot;:false,&quot;dots&quot;:true,&quot;items&quot;:1,&quot;loop&quot;:true,&quot;nav&quot;:false,&quot;stagePadding&quot;:0,&quot;slideBy&quot;:&quot;1&quot;},&quot;601&quot;:{&quot;autoHeight&quot;:false,&quot;autoplay&quot;:true,&quot;autoWidth&quot;:false,&quot;center&quot;:false,&quot;dots&quot;:true,&quot;items&quot;:2,&quot;loop&quot;:true,&quot;nav&quot;:true,&quot;stagePadding&quot;:0,&quot;slideBy&quot;:&quot;1&quot;},&quot;1025&quot;:{&quot;autoHeight&quot;:false,&quot;autoplay&quot;:true,&quot;autoWidth&quot;:false,&quot;center&quot;:false,&quot;dots&quot;:true,&quot;items&quot;:3,&quot;loop&quot;:true,&quot;nav&quot;:true,&quot;stagePadding&quot;:0,&quot;slideBy&quot;:&quot;1&quot;},&quot;1281&quot;:{&quot;items&quot;:4,&quot;autoplay&quot;:false,&quot;center&quot;:false,&quot;dots&quot;:true,&quot;nav&quot;:true,&quot;autoHeight&quot;:false,&quot;autoWidth&quot;:false,&quot;loop&quot;:true,&quot;stagePadding&quot;:0}}}}'><\/div>\r\n\t<\/div><\/div><\/div><\/div><\/div><\/div><\/section><section class=\"l-section wpb_row height_small\"><div class=\"l-section-h i-cf\"><div class=\"g-cols vc_row via_flex valign_top type_default stacking_default\"><div class=\"vc_col-sm-12 wpb_column vc_column_container has_bg_color\"><div class=\"vc_column-inner us_custom_08b6e93a\"><div class=\"wpb_wrapper\">[vc_custom_heading text=\u00a0\u00bbCoups de coeur de Margaux\u00a0\u00bb font_container=\u00a0\u00bbtag:h1|text_align:left\u00a0\u00bb use_theme_fonts=\u00a0\u00bbyes\u00a0\u00bb css=\u00a0\u00bb%7B%22default%22%3A%7B%22font-weight%22%3A%22800%22%2C%22font-size%22%3A%222rem%22%7D%7D\u00a0\u00bb]<div class=\"wpb_text_column us_custom_0a111787 has_text_color\"><div class=\"wpb_wrapper\"><div class=\"page\" title=\"Page 1\">\n<div class=\"layoutArea\">\n<div class=\"column\">\n<p><em>Alias Margaux, Co-cr\u00e9atrice de la marque GEM, Styliste et Responsable achat \/ production (entre autres)<\/em><\/p>\n<\/div>\n<\/div>\n<\/div>\n<\/div><\/div><div class=\"wpb_text_column\"><div class=\"wpb_wrapper\"><div class=\"page\" title=\"Page 1\">\n<div class=\"layoutArea\">\n<div class=\"column\">\n<p>\u00ab Je mets un point d&rsquo;honneur \u00e0 penser des produits \u00e0 la fois ultra confortables et styl\u00e9s. Quand nous avons cr\u00e9\u00e9 la marque, le confortable existait d\u00e9j\u00e0, le styl\u00e9 aussi, mais nous retrouvions assez peu de produits qui regroupaient ces deux points essentiels. J&rsquo;en ai fait ma ligne de conduite. L\u2019important c\u2019est de se sentir bien dans sa tenue. Si en plus elle est belle, c\u2019est doublement r\u00e9ussi! Ceci est mon d\u00e9fi du quotidien en tant que styliste chez GEM \u00bb<\/p>\n<\/div>\n<\/div>\n<\/div>\n<\/div><\/div><\/div><\/div><\/div><\/div><\/div><\/section><section class=\"l-section wpb_row height_huge\"><div class=\"l-section-h i-cf\"><div class=\"g-cols vc_row via_flex valign_top type_default stacking_default\" style=\"--additional-gap:0px;\"><div class=\"vc_col-sm-4 wpb_column vc_column_container\"><div class=\"vc_column-inner\"><div class=\"wpb_wrapper\"><div class=\"w-image has_ratio align_left\"><div class=\"w-image-h\"><div style=\"padding-bottom:150%\"><\/div><img decoding=\"async\" width=\"683\" height=\"1024\" src=\"https:\/\/gem-equitation.fr\/lookbook\/wp-content\/uploads\/2022\/05\/tapis-velours-noir-1-683x1024.jpeg\" class=\"attachment-large size-large\" alt=\"\" loading=\"lazy\" \/><\/div><\/div><\/div><\/div><\/div><div class=\"vc_col-sm-4 wpb_column vc_column_container\"><div class=\"vc_column-inner\"><div class=\"wpb_wrapper\"><div class=\"w-image has_ratio align_none\"><div class=\"w-image-h\"><div style=\"padding-bottom:150%\"><\/div><img decoding=\"async\" width=\"683\" height=\"1024\" src=\"https:\/\/gem-equitation.fr\/lookbook\/wp-content\/uploads\/2022\/05\/rocky-blanc-683x1024.jpeg\" class=\"attachment-large size-large\" alt=\"\" loading=\"lazy\" \/><\/div><\/div><\/div><\/div><\/div><div class=\"vc_col-sm-4 wpb_column vc_column_container\"><div class=\"vc_column-inner\"><div class=\"wpb_wrapper\"><div class=\"w-image has_ratio align_none\"><div class=\"w-image-h\"><div style=\"padding-bottom:150%\"><\/div><img decoding=\"async\" width=\"682\" height=\"1024\" src=\"https:\/\/gem-equitation.fr\/lookbook\/wp-content\/uploads\/2022\/05\/vicomte-lagon-682x1024.jpeg\" class=\"attachment-large size-large\" alt=\"\" loading=\"lazy\" \/><\/div><\/div><\/div><\/div><\/div><div class=\"vc_col-sm-12 wpb_column vc_column_container has_bg_color us_animate_afb\" style=\"animation-delay:0.2s\"><div class=\"vc_column-inner us_custom_f58e02ee\"><div class=\"wpb_wrapper\"><div class=\"g-cols wpb_row via_flex valign_top type_default stacking_default\"><div class=\"vc_col-sm-4 wpb_column vc_column_container\"><div class=\"vc_column-inner\"><div class=\"wpb_wrapper\"><div class=\"wpb_text_column us_custom_197c2058 has_text_color\"><div class=\"wpb_wrapper\"><p style=\"text-align: center;\"><strong>Tapis velours en noir<\/strong><\/p>\n<\/div><\/div><div class=\"wpb_text_column us_custom_b2c39291 has_text_color\"><div class=\"wpb_wrapper\"><div class=\"\" style=\"text-align: center;\">\n<div class=\"page\" title=\"Page 2\">\n<div class=\"layoutArea\">\n<div class=\"column\">\n<p>C&rsquo;est notre<strong>\u00a0best-seller de ces derniers mois !<\/strong> Le logo GEM r\u00e9p\u00e9t\u00e9 sur le liser\u00e9 tout en discr\u00e9tion ; il est moderne, <strong>sport tout en restant \u00e9l\u00e9gant<\/strong>. Pour un look cocooning incomparable !<\/p>\n<\/div>\n<\/div>\n<\/div>\n<\/div>\n<\/div><\/div><div class=\"w-separator size_small\"><\/div><div class=\"w-btn-wrapper align_center\"><a class=\"w-btn us-btn-style_1\" href=\"https:\/\/gem-equitation.fr\/fr\/tapis-velours\/701-tapis-de-selle-velours.html\"><span class=\"w-btn-label\">Best-seller !<\/span><\/a><\/div><\/div><\/div><\/div><div class=\"vc_col-sm-4 wpb_column vc_column_container\"><div class=\"vc_column-inner us_custom_9dda942b\"><div class=\"wpb_wrapper\"><div class=\"wpb_text_column us_custom_197c2058 has_text_color\"><div class=\"wpb_wrapper\"><p style=\"text-align: center;\"><strong>Pantalon Rocky blanc<\/strong><\/p>\n<\/div><\/div><div class=\"wpb_text_column us_custom_b2c39291 justify has_text_color\"><div class=\"wpb_wrapper\"><p style=\"text-align: center;\">Une <strong>mati\u00e8re galbante<\/strong>, des <strong>d\u00e9tails argent\u00e9s<\/strong> tr\u00e8s styl\u00e9s, j&rsquo;ai opt\u00e9 pour ce mod\u00e8le de pantalon pour les concours. C&rsquo;est un vrai bonheur de pouvoir <strong>monter dans le confort<\/strong>, et c&rsquo;est le cas avec cette petite p\u00e9pite !<\/p>\n<\/div><\/div><div class=\"w-separator size_small\"><\/div><div class=\"w-btn-wrapper align_center\"><a class=\"w-btn us-btn-style_1\" href=\"https:\/\/gem-equitation.fr\/fr\/pantalon-equitation-gem\/562-pantalon-cavaliere-rocky.html?search_query=pantalon+rocky+&amp;results=2#\/44-taille_pantalons-32\/380-couleurs_textile-blanc\"><span class=\"w-btn-label\">Je m&rsquo;\u00e9quipe !<\/span><\/a><\/div><\/div><\/div><\/div><div class=\"vc_col-sm-4 wpb_column vc_column_container\"><div class=\"vc_column-inner us_custom_10c3aa03\"><div class=\"wpb_wrapper\"><div class=\"wpb_text_column us_custom_197c2058 has_text_color\"><div class=\"wpb_wrapper\"><p style=\"text-align: center;\"><strong>Vicomte lagon<\/strong><\/p>\n<\/div><\/div><div class=\"wpb_text_column us_custom_b2c39291 has_text_color\"><div class=\"wpb_wrapper\"><p style=\"text-align: center;\">Le vicomte est<b> mon incontournable de cette saison printemps\/\u00e9t\u00e9, <\/b>je le pr\u00e9f\u00e8re en bleu lagon. Je l&rsquo;accorde souvent avec mon sweat doowap lagon pour faire un <b>total look estival.<\/b><\/p>\n<\/div><\/div><div class=\"w-btn-wrapper align_center\"><a class=\"w-btn us-btn-style_1\" href=\"https:\/\/gem-equitation.fr\/fr\/tee-shirt-gem-equitation\/725-debardeur-vicomte.html#\/172-taille_textile_harpro-xxs_32\/61-couleurs_textile-bleu_ciel\"><span class=\"w-btn-label\">Viens dans mon dressing !<\/span><\/a><\/div><\/div><\/div><\/div><\/div><\/div><\/div><\/div><\/div><\/div><\/section><section class=\"l-section wpb_row height_large width_full with_img parallax_ver\"><div class=\"l-section-img\" role=\"img\" data-img-width=\"1200\" data-img-height=\"800\" style=\"background-image: url(https:\/\/gem-equitation.fr\/lookbook\/wp-content\/uploads\/2021\/02\/PHOTO-AMBIANCE-N\u00b01.jpg);background-position: top center;background-repeat: no-repeat;\"><\/div><div class=\"l-section-h i-cf\"><div class=\"g-cols vc_row via_flex valign_top type_default stacking_default\"><div class=\"vc_col-sm-12 wpb_column vc_column_container\"><div class=\"vc_column-inner\"><div class=\"wpb_wrapper\"><div class=\"ult-spacer spacer-69f5c172e19f0\" data-id=\"69f5c172e19f0\" data-height=\"500\" data-height-mobile=\"500\" data-height-tab=\"500\" data-height-tab-portrait=\"\" data-height-mobile-landscape=\"\" style=\"clear:both;display:block;\"><\/div><\/div><\/div><\/div><\/div><\/div><\/section><section class=\"l-section wpb_row height_medium\"><div class=\"l-section-h i-cf\"><div class=\"g-cols vc_row via_flex valign_top type_default stacking_default\"><div class=\"vc_col-sm-12 wpb_column vc_column_container has_bg_color\"><div class=\"vc_column-inner us_custom_08b6e93a\"><div class=\"wpb_wrapper\">[vc_custom_heading text=\u00a0\u00bbCoups de coeur de Barbara\u00a0\u00bb use_theme_fonts=\u00a0\u00bbyes\u00a0\u00bb css=\u00a0\u00bb%7B%22default%22%3A%7B%22font-weight%22%3A%22800%22%2C%22font-size%22%3A%222rem%22%7D%7D\u00a0\u00bb]<div class=\"wpb_text_column us_custom_0a111787 has_text_color\"><div class=\"wpb_wrapper\"><div class=\"page\" title=\"Page 1\">\n<div class=\"layoutArea\">\n<div class=\"column\">\n<div class=\"page\" title=\"Page 2\">\n<div class=\"layoutArea\">\n<div class=\"column\">\n<p><em>Alias Barbie, Co-cr\u00e9atrice de GEM et Responsable Marketing, Communication et Commerciale (entre autres) <\/em><\/p>\n<\/div>\n<\/div>\n<\/div>\n<\/div>\n<\/div>\n<\/div>\n<\/div><\/div><div class=\"wpb_text_column\"><div class=\"wpb_wrapper\"><div class=\"page\" title=\"Page 1\">\n<div class=\"layoutArea\">\n<div class=\"column\">\n<div class=\"page\" title=\"Page 2\">\n<div class=\"layoutArea\">\n<div class=\"column\">\n<p>\u00ab La cr\u00e9ation de la marque GEM f\u00fbt l\u2019aboutissement de mon envie d\u2019entreprendre. Combiner passion et travail est une chance. Le confort du cheval et l\u2019\u00e9l\u00e9gance du couple sont des \u00e9l\u00e9ments primordiaux pour moi ! J\u2019aime faire passer ces messages \u00e0 travers nos produits et notre communication. \u00bb<\/p>\n<\/div>\n<\/div>\n<\/div>\n<\/div>\n<\/div>\n<\/div>\n<\/div><\/div><\/div><\/div><\/div><\/div><\/div><\/section><section class=\"l-section wpb_row height_medium\"><div class=\"l-section-h i-cf\"><div class=\"g-cols vc_row via_flex valign_top type_default stacking_default\"><div class=\"vc_col-sm-7 wpb_column vc_column_container\"><div class=\"vc_column-inner\"><div class=\"wpb_wrapper\"><div class=\"w-image has_ratio align_none\"><div class=\"w-image-h\"><div style=\"padding-bottom:75%\"><\/div><img decoding=\"async\" width=\"1024\" height=\"683\" src=\"https:\/\/gem-equitation.fr\/lookbook\/wp-content\/uploads\/2022\/05\/karma-gris-2-1024x683.jpeg\" class=\"attachment-large size-large\" alt=\"\" loading=\"lazy\" \/><\/div><\/div><\/div><\/div><\/div><div class=\"vc_col-sm-5 wpb_column vc_column_container\"><div class=\"vc_column-inner us_custom_08b31167\"><div class=\"wpb_wrapper\"><div class=\"wpb_text_column us_custom_197c2058 has_text_color\"><div class=\"wpb_wrapper\"><p style=\"text-align: center;\"><strong>Pull Karma gris<\/strong><\/p>\n<\/div><\/div><div class=\"g-cols wpb_row via_flex valign_top type_default stacking_default\"><div class=\"vc_col-sm-12 wpb_column vc_column_container has_bg_color us_animate_afr\" style=\"animation-delay:0.2s\"><div class=\"vc_column-inner us_custom_63e2f4ef\"><div class=\"wpb_wrapper\"><div class=\"wpb_text_column us_custom_86598a1a has_text_color\"><div class=\"wpb_wrapper\"><p>Mon petit chouchou \u00e0 mettre au-dessus de mon polo Up en concours, il me porte chance \u00e0 chaque fois !<\/p>\n<p>Sa mati\u00e8re est si douce, et ses d\u00e9tails discrets et \u00e9l\u00e9gants me font compl\u00e8tement craquer.<\/p>\n<\/div><\/div><div class=\"w-separator size_small\"><\/div><div class=\"w-btn-wrapper align_none\"><a class=\"w-btn us-btn-style_1 us_custom_dfddb007\" href=\"https:\/\/gem-equitation.fr\/fr\/sweats-et-pulls\/730-pull-karma.html?search_query=karma&amp;results=1\"><span class=\"w-btn-label\">J&rsquo;ach\u00e8te maintenant !<\/span><\/a><\/div><\/div><\/div><\/div><\/div><\/div><\/div><\/div><\/div><\/div><\/section><section class=\"l-section wpb_row height_medium\"><div class=\"l-section-h i-cf\"><div class=\"g-cols vc_row via_flex valign_top type_default stacking_default\"><div class=\"vc_col-sm-5 wpb_column vc_column_container\"><div class=\"vc_column-inner us_custom_8034cef3\"><div class=\"wpb_wrapper\"><div class=\"wpb_text_column us_custom_197c2058 has_text_color\"><div class=\"wpb_wrapper\"><p style=\"text-align: center;\"><strong>Tapis Prim l\u00e9opard<\/strong><\/p>\n<\/div><\/div><div class=\"g-cols wpb_row via_flex valign_top type_default stacking_default\"><div class=\"vc_col-sm-12 wpb_column vc_column_container has_bg_color us_animate_afl\" style=\"animation-delay:0.2s\"><div class=\"vc_column-inner us_custom_63e2f4ef\"><div class=\"wpb_wrapper\"><div class=\"wpb_text_column us_custom_86598a1a has_text_color\"><div class=\"wpb_wrapper\"><p>Mon nouveau tapis favori, je le mets sur ma jument pour toutes les occasions, il lui va tellement bien !<\/p>\n<p>Sont liser\u00e9 l\u00e9opard est si moderne et tendance, et toujours avec un matelassage optimal pour le dos de vos chevaux, il est valid\u00e9 \u00e0 1000% !<\/p>\n<\/div><\/div><div class=\"w-separator size_small\"><\/div><div class=\"w-hwrapper valign_top align_none\"><div class=\"w-btn-wrapper align_none\"><a class=\"w-btn us-btn-style_1 us_custom_dfddb007\" href=\"https:\/\/gem-equitation.fr\/fr\/recherche?controller=search&amp;orderby=position&amp;orderway=desc&amp;search_query=tapis&amp;submit_search=\"><span class=\"w-btn-label\">Le tapis l\u00e9opard !<\/span><\/a><\/div><\/div><\/div><\/div><\/div><\/div><\/div><\/div><\/div><div class=\"vc_col-sm-7 wpb_column vc_column_container\"><div class=\"vc_column-inner\"><div class=\"wpb_wrapper\"><div class=\"w-image has_ratio align_none\"><div class=\"w-image-h\"><div style=\"padding-bottom:75%\"><\/div><img decoding=\"async\" width=\"1024\" height=\"682\" src=\"https:\/\/gem-equitation.fr\/lookbook\/wp-content\/uploads\/2022\/05\/tapis-prim-le\u0301opard-1024x682.jpeg\" class=\"attachment-large size-large\" alt=\"\" loading=\"lazy\" \/><\/div><\/div><\/div><\/div><\/div><\/div><\/div><\/section><section class=\"l-section wpb_row height_medium\"><div class=\"l-section-h i-cf\"><div class=\"g-cols vc_row via_flex valign_top type_default stacking_default\"><div class=\"vc_col-sm-7 wpb_column vc_column_container\"><div class=\"vc_column-inner\"><div class=\"wpb_wrapper\"><div class=\"w-image us_custom_25bbfcb5 has_ratio align_none\"><div class=\"w-image-h\"><div style=\"padding-bottom:75%\"><\/div><img decoding=\"async\" width=\"1024\" height=\"682\" src=\"https:\/\/gem-equitation.fr\/lookbook\/wp-content\/uploads\/2022\/05\/polo-up-1024x682.jpeg\" class=\"attachment-large size-large\" alt=\"\" loading=\"lazy\" \/><\/div><\/div><\/div><\/div><\/div><div class=\"vc_col-sm-5 wpb_column vc_column_container\"><div class=\"vc_column-inner us_custom_08b31167\"><div class=\"wpb_wrapper\"><div class=\"wpb_text_column us_custom_197c2058 has_text_color\"><div class=\"wpb_wrapper\"><p style=\"text-align: center;\"><b>Polo Up<\/b><\/p>\n<\/div><\/div><div class=\"g-cols wpb_row via_flex valign_top type_default stacking_default\"><div class=\"vc_col-sm-12 wpb_column vc_column_container has_bg_color us_animate_afr\" style=\"animation-delay:0.2s\"><div class=\"vc_column-inner us_custom_63e2f4ef\"><div class=\"wpb_wrapper\"><div class=\"wpb_text_column us_custom_86598a1a has_text_color\"><div class=\"wpb_wrapper\"><p>Ce polo est pour moi <strong>l&rsquo;\u00e9l\u00e9ment principal du dressing concours !<\/strong> J&rsquo;aime avant tout sa mati\u00e8re l\u00e9g\u00e8re et confortable. La <strong>fermeture couleur corail<\/strong> donne une touche de pep&rsquo;s \u00e0 ma tenue.<br \/>\nJe vous le conseille vivement !<\/p>\n<\/div><\/div><div class=\"w-separator size_small\"><\/div><div class=\"w-btn-wrapper align_none\"><a class=\"w-btn us-btn-style_1 us_custom_dfddb007\" href=\"https:\/\/gem-equitation.fr\/fr\/polo-de-concours\/726-polo-de-concours-up.html?search_query=polo+up&amp;results=5\"><span class=\"w-btn-label\">Je succombe !<\/span><\/a><\/div><\/div><\/div><\/div><\/div><\/div><\/div><\/div><div class=\"vc_col-sm-12 wpb_column vc_column_container\"><div class=\"vc_column-inner\"><div class=\"wpb_wrapper\"><div class=\"w-separator size_large\"><\/div><\/div><\/div><\/div><\/div><\/div><\/section><section class=\"l-section wpb_row height_large width_full with_img parallax_ver\"><div class=\"l-section-img\" role=\"img\" data-img-width=\"1200\" data-img-height=\"800\" style=\"background-image: url(https:\/\/gem-equitation.fr\/lookbook\/wp-content\/uploads\/2021\/02\/photo-ambiance-n\u00b02.jpg);background-position: top center;background-repeat: no-repeat;\"><\/div><div class=\"l-section-h i-cf\"><div class=\"g-cols vc_row via_flex valign_top type_default stacking_default\"><div class=\"vc_col-sm-12 wpb_column vc_column_container\"><div class=\"vc_column-inner\"><div class=\"wpb_wrapper\"><div class=\"ult-spacer spacer-69f5c172e4271\" data-id=\"69f5c172e4271\" data-height=\"500\" data-height-mobile=\"500\" data-height-tab=\"500\" data-height-tab-portrait=\"\" data-height-mobile-landscape=\"\" style=\"clear:both;display:block;\"><\/div><\/div><\/div><\/div><\/div><\/div><\/section><section class=\"l-section wpb_row height_medium\"><div class=\"l-section-h i-cf\"><div class=\"g-cols vc_row via_flex valign_top type_default stacking_default\"><div class=\"vc_col-sm-12 wpb_column vc_column_container has_bg_color\"><div class=\"vc_column-inner us_custom_08b6e93a\"><div class=\"wpb_wrapper\">[vc_custom_heading text=\u00a0\u00bbCoups de coeur de Margaux\u00a0\u00bb font_container=\u00a0\u00bbtag:h3|text_align:left\u00a0\u00bb use_theme_fonts=\u00a0\u00bbyes\u00a0\u00bb css=\u00a0\u00bb%7B%22default%22%3A%7B%22font-weight%22%3A%22800%22%2C%22font-size%22%3A%222rem%22%7D%7D\u00a0\u00bb]<div class=\"wpb_text_column us_custom_0a111787 has_text_color\"><div class=\"wpb_wrapper\"><div class=\"page\" title=\"Page 1\">\n<div class=\"layoutArea\">\n<div class=\"column\">\n<div class=\"page\" title=\"Page 2\">\n<div class=\"layoutArea\">\n<div class=\"column\">\n<p><em>Alias London, Community Manager, Responsable relation client et Logistique.<\/em><\/p>\n<\/div>\n<\/div>\n<\/div>\n<\/div>\n<\/div>\n<\/div>\n<\/div><\/div><div class=\"wpb_text_column\"><div class=\"wpb_wrapper\"><div class=\"page\" title=\"Page 1\">\n<div class=\"layoutArea\">\n<div class=\"column\">\n<div class=\"page\" title=\"Page 2\">\n<div class=\"layoutArea\">\n<div class=\"column\">\n<p>\u00ab Apr\u00e8s des ann\u00e9es \u00e0 me chercher professionnellement, GEM a \u00e9t\u00e9 ma r\u00e9v\u00e9lation. L\u2019univers qui m\u00ealait enfin ma passion des chevaux avec celle de la mode, le go\u00fbt des belles choses. \u00a0La sobri\u00e9t\u00e9 et la classe des produits me permettent de les porter en ville comme au bureau, ils sont mon uniforme quotidien que je ne quitte plus \u2661 \u00bb<\/p>\n<\/div>\n<\/div>\n<\/div>\n<\/div>\n<\/div>\n<\/div>\n<\/div><\/div><\/div><\/div><\/div><\/div><\/div><\/section><section class=\"l-section wpb_row height_medium\"><div class=\"l-section-h i-cf\"><div class=\"g-cols vc_row via_flex valign_top type_default stacking_default\"><div class=\"vc_col-sm-2\/5 wpb_column vc_column_container\"><div class=\"vc_column-inner\"><div class=\"wpb_wrapper\"><div class=\"w-image align_none\"><div class=\"w-image-h\"><img decoding=\"async\" width=\"682\" height=\"1024\" src=\"https:\/\/gem-equitation.fr\/lookbook\/wp-content\/uploads\/2022\/05\/cayet-gris-682x1024.jpeg\" class=\"attachment-large size-large\" alt=\"\" loading=\"lazy\" srcset=\"https:\/\/gem-equitation.fr\/lookbook\/wp-content\/uploads\/2022\/05\/cayet-gris-682x1024.jpeg 682w, https:\/\/gem-equitation.fr\/lookbook\/wp-content\/uploads\/2022\/05\/cayet-gris-200x300.jpeg 200w, https:\/\/gem-equitation.fr\/lookbook\/wp-content\/uploads\/2022\/05\/cayet-gris-280x420.jpeg 280w, https:\/\/gem-equitation.fr\/lookbook\/wp-content\/uploads\/2022\/05\/cayet-gris-266x400.jpeg 266w, https:\/\/gem-equitation.fr\/lookbook\/wp-content\/uploads\/2022\/05\/cayet-gris-400x600.jpeg 400w, https:\/\/gem-equitation.fr\/lookbook\/wp-content\/uploads\/2022\/05\/cayet-gris-67x100.jpeg 67w, https:\/\/gem-equitation.fr\/lookbook\/wp-content\/uploads\/2022\/05\/cayet-gris-133x200.jpeg 133w, https:\/\/gem-equitation.fr\/lookbook\/wp-content\/uploads\/2022\/05\/cayet-gris-100x150.jpeg 100w, https:\/\/gem-equitation.fr\/lookbook\/wp-content\/uploads\/2022\/05\/cayet-gris-600x901.jpeg 600w, https:\/\/gem-equitation.fr\/lookbook\/wp-content\/uploads\/2022\/05\/cayet-gris-27x40.jpeg 27w, https:\/\/gem-equitation.fr\/lookbook\/wp-content\/uploads\/2022\/05\/cayet-gris.jpeg 1364w\" sizes=\"auto, (max-width: 682px) 100vw, 682px\" \/><\/div><\/div><\/div><\/div><\/div><div class=\"vc_col-sm-3\/5 wpb_column vc_column_container\"><div class=\"vc_column-inner\"><div class=\"wpb_wrapper\"><div class=\"w-image has_ratio align_none\"><div class=\"w-image-h\"><div style=\"padding-bottom:75%\"><\/div><img decoding=\"async\" width=\"1024\" height=\"683\" src=\"https:\/\/gem-equitation.fr\/lookbook\/wp-content\/uploads\/2022\/05\/lipsy-kaki-1024x683.jpeg\" class=\"attachment-large size-large\" alt=\"\" loading=\"lazy\" \/><\/div><\/div><\/div><\/div><\/div><div class=\"vc_col-sm-2\/5 wpb_column vc_column_container\"><div class=\"vc_column-inner us_custom_ec1e580b\"><div class=\"wpb_wrapper\"><div class=\"w-image has_ratio align_none\"><div class=\"w-image-h\"><div style=\"padding-bottom:133.3333%\"><\/div><img decoding=\"async\" width=\"682\" height=\"1024\" src=\"https:\/\/gem-equitation.fr\/lookbook\/wp-content\/uploads\/2022\/05\/doowap-lagon-682x1024.jpeg\" class=\"attachment-large size-large\" alt=\"\" loading=\"lazy\" \/><\/div><\/div><\/div><\/div><\/div><div class=\"vc_col-sm-3\/5 wpb_column vc_column_container has_bg_color us_animate_afb\" style=\"animation-delay:0.8s\"><div class=\"vc_column-inner us_custom_bca10b86\"><div class=\"wpb_wrapper\"><div class=\"wpb_text_column us_custom_197c2058 has_text_color\"><div class=\"wpb_wrapper\"><div class=\"page\" title=\"Page 1\">\n<div class=\"layoutArea\">\n<div class=\"column\">\n<p><strong>Pull Cayet<\/strong><\/p>\n<\/div>\n<\/div>\n<\/div>\n<\/div><\/div><div class=\"w-hwrapper valign_top align_none\"><div class=\"wpb_text_column us_custom_fd4b2721 has_text_color\"><div class=\"wpb_wrapper\"><div class=\"page\" title=\"Page 1\">\n<div class=\"layoutArea\">\n<div class=\"column\">\n<div class=\"page\" title=\"Page 1\"><strong>Le pull Cayet<\/strong> sans h\u00e9sitation ! Personnellement, j&rsquo;attendais sa sortie avec impatience, car je ne monte plus \u00e0 cheval et c&rsquo;est un pull que je porte pour sortir en ville ! J&rsquo;adore son <strong>look classe <\/strong>avec ses 3 boutons sur l&rsquo;\u00e9paule.<\/div>\n<\/div>\n<\/div>\n<\/div>\n<\/div><\/div><div class=\"w-btn-wrapper align_center\"><a class=\"w-btn us-btn-style_1\" href=\"https:\/\/gem-equitation.fr\/fr\/sweats-et-pulls\/721-pull-cayet.html?search_query=cayet&amp;results=1\"><span class=\"w-btn-label\">Je d\u00e9couvre !<\/span><\/a><\/div><\/div><div class=\"w-separator size_small with_line width_default thick_1 style_solid color_border align_center\"><div class=\"w-separator-h\"><\/div><\/div><div class=\"wpb_text_column us_custom_197c2058 has_text_color\"><div class=\"wpb_wrapper\"><p><strong>Casquette Lipsy kaki<\/strong><\/p>\n<\/div><\/div><div class=\"w-hwrapper valign_top align_none\"><div class=\"wpb_text_column us_custom_45582921\"><div class=\"wpb_wrapper\"><p>Moi et les casquettes \u00e7a n&rsquo;a toujours fait qu&rsquo;un, mais <b>cette lipsy kaki est de loin ma favorite<\/b>\u00a0\ud83d\ude42<\/p>\n<p>Je l&rsquo;accorde avec absolument toutes mes tenues.<br \/>\nJe l&rsquo;aime par-dessus tout pour son trou <strong>qui s&rsquo;adapte aux queues-de-cheval hautes<\/strong> que j&rsquo;adore faire !<\/p>\n<\/div><\/div><div class=\"w-btn-wrapper align_center\"><a class=\"w-btn us-btn-style_1\" href=\"https:\/\/gem-equitation.fr\/fr\/accessoires\/652-casquette-lipsy.html?search_query=lipsy&amp;results=1\"><span class=\"w-btn-label\">Je la veux !<\/span><\/a><\/div><\/div><div class=\"w-separator size_small with_line width_default thick_1 style_solid color_border align_center\"><div class=\"w-separator-h\"><\/div><\/div><div class=\"wpb_text_column us_custom_197c2058 has_text_color\"><div class=\"wpb_wrapper\"><p><strong>Sweat Doowap<\/strong><\/p>\n<\/div><\/div><div class=\"w-hwrapper valign_top align_none\"><div class=\"wpb_text_column us_custom_45582921\"><div class=\"wpb_wrapper\"><p><strong>Ma pi\u00e8ce favorite est le sweat Doowap bleu lagon !<\/strong> Je le porte souvent avec un jean noir un peu ample et des baskets blanches \u00e0 plateformes : une tenue fra\u00eeche et styl\u00e9e pour le printemps ; on adore !<\/p>\n<\/div><\/div><div class=\"w-btn-wrapper align_center\"><a class=\"w-btn us-btn-style_1\" href=\"https:\/\/gem-equitation.fr\/fr\/recherche?controller=search&amp;orderby=position&amp;orderway=desc&amp;search_query=doowap&amp;submit_search=\"><span class=\"w-btn-label\">Le must-have !<\/span><\/a><\/div><\/div><\/div><\/div><\/div><\/div><\/div><\/section><section class=\"l-section wpb_row height_large width_full with_img parallax_ver\"><div class=\"l-section-img\" role=\"img\" data-img-width=\"1200\" data-img-height=\"800\" style=\"background-image: url(https:\/\/gem-equitation.fr\/lookbook\/wp-content\/uploads\/2021\/02\/PHOTO-D-AMBIANCE-3.jpg);background-position: top center;background-repeat: no-repeat;\"><\/div><div class=\"l-section-h i-cf\"><div class=\"g-cols vc_row via_flex valign_top type_default stacking_default\"><div class=\"vc_col-sm-12 wpb_column vc_column_container\"><div class=\"vc_column-inner\"><div class=\"wpb_wrapper\"><div class=\"ult-spacer spacer-69f5c172e608b\" data-id=\"69f5c172e608b\" data-height=\"500\" data-height-mobile=\"500\" data-height-tab=\"500\" data-height-tab-portrait=\"\" data-height-mobile-landscape=\"\" style=\"clear:both;display:block;\"><\/div><\/div><\/div><\/div><\/div><\/div><\/section><section class=\"l-section wpb_row height_medium\"><div class=\"l-section-h i-cf\"><div class=\"g-cols vc_row via_flex valign_top type_default stacking_default\"><div class=\"vc_col-sm-12 wpb_column vc_column_container has_bg_color\"><div class=\"vc_column-inner us_custom_08b6e93a\"><div class=\"wpb_wrapper\">[vc_custom_heading text=\u00a0\u00bbCoups de coeur de Margaux\u00a0\u00bb font_container=\u00a0\u00bbtag:h4|text_align:left\u00a0\u00bb use_theme_fonts=\u00a0\u00bbyes\u00a0\u00bb css=\u00a0\u00bb%7B%22default%22%3A%7B%22font-weight%22%3A%22800%22%2C%22font-size%22%3A%222rem%22%7D%7D\u00a0\u00bb]<div class=\"wpb_text_column us_custom_0a111787 has_text_color\"><div class=\"wpb_wrapper\"><div class=\"page\" title=\"Page 1\">\n<div class=\"layoutArea\">\n<div class=\"column\">\n<div class=\"page\" title=\"Page 2\">\n<div class=\"layoutArea\">\n<div class=\"column\">\n<p><em>Alias New-York, Community Manager worldwide, Traductrice.<\/em><\/p>\n<\/div>\n<\/div>\n<\/div>\n<\/div>\n<\/div>\n<\/div>\n<\/div><\/div><div class=\"wpb_text_column\"><div class=\"wpb_wrapper\"><div class=\"page\" title=\"Page 1\">\n<div class=\"layoutArea\">\n<div class=\"column\">\n<div class=\"page\" title=\"Page 2\">\n<div class=\"layoutArea\">\n<div class=\"column\">\n<div class=\"page\" title=\"Page 4\">\n<div class=\"layoutArea\">\n<div class=\"column\">\n<p>\u00ab Un coup de coeur pour l&rsquo;\u00e9quipe avant m\u00eame de d\u00e9couvrir le produit phare : le fameux tapis! GEM est bien plus qu&rsquo;une marque c&rsquo;est un mode de vie. Une collection simple et \u00e9l\u00e9gante adapt\u00e9e au streetwear comme au sportswear ! Un design pens\u00e9 par des cavali\u00e8res pour des cavali\u00e8res, c&rsquo;est \u00e7a la vraie valeur de GEM ! \u00bb<\/p>\n<\/div>\n<\/div>\n<\/div>\n<\/div>\n<\/div>\n<\/div>\n<\/div>\n<\/div>\n<\/div>\n<\/div><\/div><\/div><\/div><\/div><\/div><\/div><\/section><section class=\"l-section wpb_row height_medium\"><div class=\"l-section-h i-cf\"><div class=\"g-cols vc_row via_flex valign_top type_default stacking_default\" style=\"--additional-gap:0px;\"><div class=\"vc_col-sm-4 wpb_column vc_column_container\"><div class=\"vc_column-inner\"><div class=\"wpb_wrapper\"><div class=\"w-image has_ratio align_none\"><div class=\"w-image-h\"><div style=\"padding-bottom:150%\"><\/div><img decoding=\"async\" width=\"1024\" height=\"683\" src=\"https:\/\/gem-equitation.fr\/lookbook\/wp-content\/uploads\/2022\/05\/tapis-oldy-noir-1024x683.jpeg\" class=\"attachment-large size-large\" alt=\"\" loading=\"lazy\" \/><\/div><\/div><\/div><\/div><\/div><div class=\"vc_col-sm-4 wpb_column vc_column_container\"><div class=\"vc_column-inner\"><div class=\"wpb_wrapper\"><div class=\"w-image has_ratio align_left\"><div class=\"w-image-h\"><div style=\"padding-bottom:150%\"><\/div><img decoding=\"async\" width=\"1024\" height=\"682\" src=\"https:\/\/gem-equitation.fr\/lookbook\/wp-content\/uploads\/2022\/05\/natchou-gris-1024x682.jpeg\" class=\"attachment-large size-large\" alt=\"\" loading=\"lazy\" \/><\/div><\/div><\/div><\/div><\/div><div class=\"vc_col-sm-4 wpb_column vc_column_container\"><div class=\"vc_column-inner\"><div class=\"wpb_wrapper\"><div class=\"w-image has_ratio align_none\"><div class=\"w-image-h\"><div style=\"padding-bottom:150%\"><\/div><img decoding=\"async\" width=\"1024\" height=\"683\" src=\"https:\/\/gem-equitation.fr\/lookbook\/wp-content\/uploads\/2022\/05\/rocky-noir-1024x683.jpeg\" class=\"attachment-large size-large\" alt=\"\" loading=\"lazy\" \/><\/div><\/div><\/div><\/div><\/div><div class=\"vc_col-sm-12 wpb_column vc_column_container has_bg_color us_animate_afb\" style=\"animation-delay:0.2s\"><div class=\"vc_column-inner us_custom_f58e02ee\"><div class=\"wpb_wrapper\"><div class=\"g-cols wpb_row via_flex valign_top type_default stacking_default\"><div class=\"vc_col-sm-4 wpb_column vc_column_container\"><div class=\"vc_column-inner\"><div class=\"wpb_wrapper\"><div class=\"wpb_text_column us_custom_197c2058 has_text_color\"><div class=\"wpb_wrapper\"><p style=\"text-align: center;\"><strong>Tapis Oldy noir<\/strong><\/p>\n<\/div><\/div><div class=\"wpb_text_column us_custom_b2c39291 justify has_text_color\"><div class=\"wpb_wrapper\"><p style=\"text-align: center;\">Niveau <b>\u00e9quipement pour le cheval,<\/b> je choisis sans h\u00e9sitation le tapis Oldy noir !<br \/>\nUn v\u00e9ritable ind\u00e9modable, je ne me lasse pas de <strong>ce look \u00e0 la fois vintage et classe<\/strong>.<\/p>\n<\/div><\/div><div class=\"w-separator size_small\"><\/div><div class=\"w-btn-wrapper align_center\"><a class=\"w-btn us-btn-style_1\" href=\"https:\/\/gem-equitation.fr\/fr\/accueil\/494-tapis-de-selle-oldy.html?search_query=oldy&amp;results=2\"><span class=\"w-btn-label\">Voir le tapis !<\/span><\/a><\/div><\/div><\/div><\/div><div class=\"vc_col-sm-4 wpb_column vc_column_container\"><div class=\"vc_column-inner us_custom_9dda942b\"><div class=\"wpb_wrapper\"><div class=\"wpb_text_column us_custom_197c2058 has_text_color\"><div class=\"wpb_wrapper\"><p style=\"text-align: center;\"><strong>Sweat Natchou<\/strong><\/p>\n<\/div><\/div><div class=\"wpb_text_column us_custom_b2c39291 has_text_color\"><div class=\"wpb_wrapper\"><div class=\"\" style=\"text-align: center;\">\n<div class=\"page\" title=\"Page 2\">\n<div class=\"layoutArea\">\n<div class=\"column\">\n<p><strong>Le sweat Natchou pour son c\u00f4t\u00e9 girly !<\/strong> Le gris chin\u00e9 est une couleur que j&rsquo;aime beaucoup et qui, finalement <strong>se marie avec beaucoup de choses ! \ud83d\ude42<\/strong><\/p>\n<\/div>\n<\/div>\n<\/div>\n<\/div>\n<\/div><\/div><div class=\"w-separator size_small\"><\/div><div class=\"w-btn-wrapper align_center\"><a class=\"w-btn us-btn-style_1\" href=\"https:\/\/gem-equitation.fr\/fr\/sweats-et-pulls\/724-sweat-natchou.html?search_query=natchou&amp;results=1\"><span class=\"w-btn-label\">Je fonce !<\/span><\/a><\/div><\/div><\/div><\/div><div class=\"vc_col-sm-4 wpb_column vc_column_container\"><div class=\"vc_column-inner us_custom_10c3aa03\"><div class=\"wpb_wrapper\"><div class=\"wpb_text_column us_custom_197c2058 has_text_color\"><div class=\"wpb_wrapper\"><p style=\"text-align: center;\"><strong>Pantalon Rocky noir<\/strong><\/p>\n<\/div><\/div><div class=\"wpb_text_column us_custom_b2c39291 has_text_color\"><div class=\"wpb_wrapper\"><p style=\"text-align: center;\">\u00a0Pour moi, c&rsquo;est le <strong>\u00a0pantalon Rocky <\/strong>noir sans h\u00e9siter ! D\u00e9j\u00e0 que la coupe est faite pour <strong>flatter la silhouette et pour son confort incomparable<\/strong>, ajoutez \u00e0 cela la<strong> couleur noire<\/strong> et le tour est jou\u00e9 \ud83d\ude42<\/p>\n<\/div><\/div><div class=\"w-separator size_small\"><\/div><div class=\"w-btn-wrapper align_center\"><a class=\"w-btn us-btn-style_1\" href=\"https:\/\/gem-equitation.fr\/fr\/pantalon-equitation-gem\/562-pantalon-cavaliere-rocky.html?search_query=rocky&amp;results=1#\/44-taille_pantalons-32\/55-couleurs_textile-noir\"><span class=\"w-btn-label\">Je m&rsquo;auto-g\u00e2te !<\/span><\/a><\/div><\/div><\/div><\/div><\/div><\/div><\/div><\/div><\/div><\/div><\/section><section class=\"l-section wpb_row height_large width_full with_img parallax_ver\"><div class=\"l-section-img\" role=\"img\" data-img-width=\"1280\" data-img-height=\"853\" style=\"background-image: url(https:\/\/gem-equitation.fr\/lookbook\/wp-content\/uploads\/2021\/02\/GEM-HARAS-DE-BARRY-DSC01049.jpeg);background-position: bottom center;background-repeat: no-repeat;\"><\/div><div class=\"l-section-h i-cf\"><div class=\"g-cols vc_row via_flex valign_top type_default stacking_default\"><div class=\"vc_col-sm-12 wpb_column vc_column_container\"><div class=\"vc_column-inner\"><div class=\"wpb_wrapper\"><div class=\"ult-spacer spacer-69f5c172e815f\" data-id=\"69f5c172e815f\" data-height=\"500\" data-height-mobile=\"500\" data-height-tab=\"500\" data-height-tab-portrait=\"\" data-height-mobile-landscape=\"\" style=\"clear:both;display:block;\"><\/div><\/div><\/div><\/div><\/div><\/div><\/section><section class=\"l-section wpb_row height_medium\"><div class=\"l-section-h i-cf\"><div class=\"g-cols vc_row via_flex valign_top type_default stacking_default\"><div class=\"vc_col-sm-12 wpb_column vc_column_container has_bg_color\"><div class=\"vc_column-inner us_custom_08b6e93a\"><div class=\"wpb_wrapper\">[vc_custom_heading text=\u00a0\u00bbCoups de coeur de Camille\u00a0\u00bb font_container=\u00a0\u00bbtag:h5|text_align:left\u00a0\u00bb use_theme_fonts=\u00a0\u00bbyes\u00a0\u00bb css=\u00a0\u00bb%7B%22default%22%3A%7B%22font-weight%22%3A%22800%22%2C%22font-size%22%3A%222rem%22%7D%7D\u00a0\u00bb]<div class=\"wpb_text_column us_custom_0a111787 has_text_color\"><div class=\"wpb_wrapper\"><div class=\"page\" title=\"Page 1\">\n<div class=\"layoutArea\">\n<div class=\"column\">\n<div class=\"page\" title=\"Page 2\">\n<div class=\"layoutArea\">\n<div class=\"column\">\n<p><em>Alias Cam, Chef de projet, Assistante web marketing.<\/em><\/p>\n<\/div>\n<\/div>\n<\/div>\n<\/div>\n<\/div>\n<\/div>\n<\/div><\/div><div class=\"wpb_text_column\"><div class=\"wpb_wrapper\"><div class=\"page\" title=\"Page 1\">\n<div class=\"layoutArea\">\n<div class=\"column\">\n<div class=\"page\" title=\"Page 2\">\n<div class=\"layoutArea\">\n<div class=\"column\">\n<div class=\"page\" title=\"Page 4\">\n<div class=\"layoutArea\">\n<div class=\"column\">\n<div class=\"page\" title=\"Page 5\">\n<div class=\"layoutArea\">\n<div class=\"column\">\n<p>\u00ab Soucieuse d\u2019exercer mon m\u00e9tier avec passion, l\u2019aventure GEM est pour moi un v\u00e9ritable accomplissement ! Une fois en selle, la technicit\u00e9 des produits me permet de profiter pleinement de mes aventures sportives, tout en gardant un style raffin\u00e9.\u00bb<\/p>\n<\/div>\n<\/div>\n<\/div>\n<\/div>\n<\/div>\n<\/div>\n<\/div>\n<\/div>\n<\/div>\n<\/div>\n<\/div>\n<\/div>\n<\/div><\/div><\/div><\/div><\/div><\/div><\/div><\/section><section class=\"l-section wpb_row height_auto\"><div class=\"l-section-h i-cf\"><div class=\"g-cols vc_row via_flex valign_top type_default stacking_default\" style=\"--additional-gap:0px;\"><div class=\"vc_col-sm-6 wpb_column vc_column_container\"><div class=\"vc_column-inner\"><div class=\"wpb_wrapper\"><div class=\"w-image align_none\"><div class=\"w-image-h\"><img decoding=\"async\" width=\"1024\" height=\"682\" src=\"https:\/\/gem-equitation.fr\/lookbook\/wp-content\/uploads\/2022\/05\/chapeau-fe\u0301lix-1024x682.jpeg\" class=\"attachment-large size-large\" alt=\"\" loading=\"lazy\" srcset=\"https:\/\/gem-equitation.fr\/lookbook\/wp-content\/uploads\/2022\/05\/chapeau-fe\u0301lix-1024x682.jpeg 1024w, https:\/\/gem-equitation.fr\/lookbook\/wp-content\/uploads\/2022\/05\/chapeau-fe\u0301lix-300x200.jpeg 300w, https:\/\/gem-equitation.fr\/lookbook\/wp-content\/uploads\/2022\/05\/chapeau-fe\u0301lix-631x420.jpeg 631w, https:\/\/gem-equitation.fr\/lookbook\/wp-content\/uploads\/2022\/05\/chapeau-fe\u0301lix-400x266.jpeg 400w, https:\/\/gem-equitation.fr\/lookbook\/wp-content\/uploads\/2022\/05\/chapeau-fe\u0301lix-600x400.jpeg 600w, https:\/\/gem-equitation.fr\/lookbook\/wp-content\/uploads\/2022\/05\/chapeau-fe\u0301lix-100x67.jpeg 100w, https:\/\/gem-equitation.fr\/lookbook\/wp-content\/uploads\/2022\/05\/chapeau-fe\u0301lix-200x133.jpeg 200w, https:\/\/gem-equitation.fr\/lookbook\/wp-content\/uploads\/2022\/05\/chapeau-fe\u0301lix-150x100.jpeg 150w, https:\/\/gem-equitation.fr\/lookbook\/wp-content\/uploads\/2022\/05\/chapeau-fe\u0301lix-40x27.jpeg 40w, https:\/\/gem-equitation.fr\/lookbook\/wp-content\/uploads\/2022\/05\/chapeau-fe\u0301lix.jpeg 2048w\" sizes=\"auto, (max-width: 1024px) 100vw, 1024px\" \/><\/div><\/div><div class=\"w-separator size_medium\"><\/div><\/div><\/div><\/div><div class=\"vc_col-sm-6 wpb_column vc_column_container\"><div class=\"vc_column-inner\"><div class=\"wpb_wrapper\"><div class=\"w-image align_none\"><div class=\"w-image-h\"><img decoding=\"async\" width=\"1024\" height=\"683\" src=\"https:\/\/gem-equitation.fr\/lookbook\/wp-content\/uploads\/2022\/05\/tapis-prim-vichy-1024x683.jpeg\" class=\"attachment-large size-large\" alt=\"\" loading=\"lazy\" srcset=\"https:\/\/gem-equitation.fr\/lookbook\/wp-content\/uploads\/2022\/05\/tapis-prim-vichy-1024x683.jpeg 1024w, https:\/\/gem-equitation.fr\/lookbook\/wp-content\/uploads\/2022\/05\/tapis-prim-vichy-300x200.jpeg 300w, https:\/\/gem-equitation.fr\/lookbook\/wp-content\/uploads\/2022\/05\/tapis-prim-vichy-630x420.jpeg 630w, https:\/\/gem-equitation.fr\/lookbook\/wp-content\/uploads\/2022\/05\/tapis-prim-vichy-400x267.jpeg 400w, https:\/\/gem-equitation.fr\/lookbook\/wp-content\/uploads\/2022\/05\/tapis-prim-vichy-600x400.jpeg 600w, https:\/\/gem-equitation.fr\/lookbook\/wp-content\/uploads\/2022\/05\/tapis-prim-vichy-100x67.jpeg 100w, https:\/\/gem-equitation.fr\/lookbook\/wp-content\/uploads\/2022\/05\/tapis-prim-vichy-200x133.jpeg 200w, https:\/\/gem-equitation.fr\/lookbook\/wp-content\/uploads\/2022\/05\/tapis-prim-vichy-150x100.jpeg 150w, https:\/\/gem-equitation.fr\/lookbook\/wp-content\/uploads\/2022\/05\/tapis-prim-vichy-40x27.jpeg 40w, https:\/\/gem-equitation.fr\/lookbook\/wp-content\/uploads\/2022\/05\/tapis-prim-vichy.jpeg 2048w\" sizes=\"auto, (max-width: 1024px) 100vw, 1024px\" \/><\/div><\/div><div class=\"w-separator size_medium\"><\/div><\/div><\/div><\/div><div class=\"vc_col-sm-12 wpb_column vc_column_container\"><div class=\"vc_column-inner\"><div class=\"wpb_wrapper\"><div class=\"w-image has_ratio align_none\"><div class=\"w-image-h\"><div style=\"padding-bottom:56.25%\"><\/div><img decoding=\"async\" width=\"1024\" height=\"682\" src=\"https:\/\/gem-equitation.fr\/lookbook\/wp-content\/uploads\/2022\/05\/vicomte-gris-1024x682.jpeg\" class=\"attachment-large size-large\" alt=\"\" loading=\"lazy\" \/><\/div><\/div><\/div><\/div><\/div><div class=\"vc_col-sm-1 wpb_column vc_column_container\"><div class=\"vc_column-inner\"><div class=\"wpb_wrapper\"><\/div><\/div><\/div><div class=\"vc_col-sm-10 wpb_column vc_column_container has_bg_color us_animate_afb\" style=\"animation-delay:0.2s\"><div class=\"vc_column-inner us_custom_4bdfd746\"><div class=\"wpb_wrapper\"><div class=\"wpb_text_column us_custom_197c2058 has_text_color\"><div class=\"wpb_wrapper\"><p><strong>Chapeau F\u00e9lix<\/strong><\/p>\n<\/div><\/div><div class=\"w-hwrapper valign_top align_none\"><div class=\"wpb_text_column us_custom_a0e81639 has_text_color\"><div class=\"wpb_wrapper\"><div class=\"page\" title=\"Page 3\">\n<div class=\"layoutArea\">\n<div class=\"column\">\n<p><strong>Le chapeau F\u00e9lix pour moi s&rsquo;il vous pla\u00eet !<\/strong> J&rsquo;adore son style pour les beaux jours, je le trouve <strong>tellement styl\u00e9<\/strong>. En plus de \u00e7a, il s&rsquo;accorde \u00e0 mes tenues d&rsquo;\u00e9quitation et mes tenues citadines sans soucis \ud83d\ude42<\/p>\n<\/div>\n<\/div>\n<\/div>\n<\/div><\/div><div class=\"w-btn-wrapper align_right\"><a class=\"w-btn us-btn-style_1\" href=\"https:\/\/gem-equitation.fr\/fr\/accessoires\/728-chapeau-felix.html?search_query=felix&amp;results=1\"><span class=\"w-btn-label\">Ajouter au panier !<\/span><\/a><\/div><\/div><div class=\"w-separator size_small with_line width_default thick_1 style_solid color_border align_center\"><div class=\"w-separator-h\"><\/div><\/div><div class=\"wpb_text_column us_custom_197c2058 has_text_color\"><div class=\"wpb_wrapper\"><div class=\"page\" title=\"Page 3\">\n<div class=\"layoutArea\">\n<div class=\"column\">\n<p><strong>Tapis Prim Vichy<\/strong><\/p>\n<\/div>\n<\/div>\n<\/div>\n<\/div><\/div><div class=\"w-hwrapper valign_top align_none\"><div class=\"wpb_text_column us_custom_a0e81639 has_text_color\"><div class=\"wpb_wrapper\"><div class=\"page\" title=\"Page 3\">\n<div class=\"layoutArea\">\n<div class=\"column\">\n<p>Cette p\u00e9pite est <b>mon porte-bonheur pour les concours. <\/b>Il s&rsquo;accorde tellement bien avec mon cheval, et lui donne <b>un look si classe ! <\/b>Je ne peux plus m&rsquo;en passer.<\/p>\n<\/div>\n<\/div>\n<\/div>\n<\/div><\/div><div class=\"w-btn-wrapper align_right\"><a class=\"w-btn us-btn-style_1\" href=\"https:\/\/gem-equitation.fr\/fr\/recherche?controller=search&amp;orderby=position&amp;orderway=desc&amp;search_query=tapis&amp;submit_search=\"><span class=\"w-btn-label\">En savoir plus !<\/span><\/a><\/div><\/div><div class=\"w-separator size_small with_line width_default thick_1 style_solid color_border align_center\"><div class=\"w-separator-h\"><\/div><\/div><div class=\"wpb_text_column us_custom_197c2058 has_text_color\"><div class=\"wpb_wrapper\"><div class=\"page\" title=\"Page 3\">\n<div class=\"layoutArea\">\n<div class=\"column\">\n<p><strong>D\u00e9bardeur Vicomte gris<\/strong><\/p>\n<\/div>\n<\/div>\n<\/div>\n<\/div><\/div><div class=\"w-hwrapper valign_top align_none\"><div class=\"wpb_text_column us_custom_a0e81639 has_text_color\"><div class=\"wpb_wrapper\"><div class=\"page\" title=\"Page 3\">\n<div class=\"layoutArea\">\n<div class=\"column\">\n<p>Je ne fais pas dans l&rsquo;originalit\u00e9, mais je choisis\u00a0le<strong> Vicomte gris<\/strong> pour <strong>la beaut\u00e9 de cette pi\u00e8ce, et son nom aussi, je dois l&rsquo;avouer<\/strong> ! Vicomte est mon petit prot\u00e9g\u00e9 avec qui je partage mes plus beaux moments \u00e9questres \ud83d\ude09<\/p>\n<\/div>\n<\/div>\n<\/div>\n<\/div><\/div><div class=\"w-btn-wrapper align_right\"><a class=\"w-btn us-btn-style_1\" href=\"https:\/\/gem-equitation.fr\/fr\/tee-shirt-gem-equitation\/725-debardeur-vicomte.html?search_query=vicomte&amp;results=1\"><span class=\"w-btn-label\">Je craque !<\/span><\/a><\/div><\/div><\/div><\/div><\/div><div class=\"vc_col-sm-1 wpb_column vc_column_container\"><div class=\"vc_column-inner\"><div class=\"wpb_wrapper\"><\/div><\/div><\/div><\/div><\/div><\/section><section class=\"l-section wpb_row height_large width_full with_img parallax_ver\"><div class=\"l-section-img\" role=\"img\" data-img-width=\"2560\" data-img-height=\"1707\" style=\"background-image: url(https:\/\/gem-equitation.fr\/lookbook\/wp-content\/uploads\/2022\/05\/yyYObfdA-scaled.jpeg);background-position: bottom center;background-repeat: no-repeat;\"><\/div><div class=\"l-section-h i-cf\"><div class=\"g-cols vc_row via_flex valign_top type_default stacking_default\"><div class=\"vc_col-sm-12 wpb_column vc_column_container\"><div class=\"vc_column-inner\"><div class=\"wpb_wrapper\"><div class=\"ult-spacer spacer-69f5c172ea336\" data-id=\"69f5c172ea336\" data-height=\"500\" data-height-mobile=\"500\" data-height-tab=\"500\" data-height-tab-portrait=\"\" data-height-mobile-landscape=\"\" style=\"clear:both;display:block;\"><\/div><\/div><\/div><\/div><\/div><\/div><\/section><section class=\"l-section wpb_row height_small\"><div class=\"l-section-h i-cf\"><div class=\"g-cols vc_row via_flex valign_top type_default stacking_default\"><div class=\"vc_col-sm-12 wpb_column vc_column_container has_bg_color\"><div class=\"vc_column-inner us_custom_08b6e93a\"><div class=\"wpb_wrapper\">[vc_custom_heading text=\u00a0\u00bbCoups de coeur de C\u00e9lestine\u00a0\u00bb font_container=\u00a0\u00bbtag:h1|text_align:left\u00a0\u00bb use_theme_fonts=\u00a0\u00bbyes\u00a0\u00bb css=\u00a0\u00bb%7B%22default%22%3A%7B%22font-weight%22%3A%22800%22%2C%22font-size%22%3A%222rem%22%7D%7D\u00a0\u00bb]<div class=\"wpb_text_column us_custom_0a111787 has_text_color\"><div class=\"wpb_wrapper\"><div class=\"page\" title=\"Page 1\">\n<div class=\"layoutArea\">\n<div class=\"column\">\n<p><em>Alias C\u00e9leste, mannequin de la marque GEM, c&rsquo;est bien elle la jolie blonde qui pr\u00e9sente et porte nos produits sur nos photos.<\/em><\/p>\n<\/div>\n<\/div>\n<\/div>\n<\/div><\/div><div class=\"wpb_text_column\"><div class=\"wpb_wrapper\"><div class=\"page\" title=\"Page 1\">\n<div class=\"layoutArea\">\n<div class=\"column\">\n<p>\u00ab\u00a0 Un honneur et une chance pour moi de pouvoir faire partie de l\u2019aventure avec l\u2019\u00e9quipe GEM. Celle de pouvoir repr\u00e9senter et porter des produits styl\u00e9s et pratiques au sein de notre univers : l\u2019\u00e9quitation. Combiner passion et travail est aujourd\u2019hui un objectif atteint. \u00bb<\/p>\n<\/div>\n<\/div>\n<\/div>\n<\/div><\/div><\/div><\/div><\/div><\/div><\/div><\/section><section class=\"l-section wpb_row height_huge\"><div class=\"l-section-h i-cf\"><div class=\"g-cols vc_row via_flex valign_top type_default stacking_default\" style=\"--additional-gap:0px;\"><div class=\"vc_col-sm-4 wpb_column vc_column_container\"><div class=\"vc_column-inner\"><div class=\"wpb_wrapper\"><div class=\"w-image has_ratio align_left\"><div class=\"w-image-h\"><div style=\"padding-bottom:150%\"><\/div><img decoding=\"async\" width=\"683\" height=\"1024\" src=\"https:\/\/gem-equitation.fr\/lookbook\/wp-content\/uploads\/2022\/05\/dark-orage-683x1024.jpeg\" class=\"attachment-large size-large\" alt=\"\" loading=\"lazy\" \/><\/div><\/div><\/div><\/div><\/div><div class=\"vc_col-sm-4 wpb_column vc_column_container\"><div class=\"vc_column-inner\"><div class=\"wpb_wrapper\"><div class=\"w-image has_ratio align_none\"><div class=\"w-image-h\"><div style=\"padding-bottom:150%\"><\/div><img decoding=\"async\" width=\"1024\" height=\"682\" src=\"https:\/\/gem-equitation.fr\/lookbook\/wp-content\/uploads\/2022\/05\/visie\u0300re-mati-1024x682.jpeg\" class=\"attachment-large size-large\" alt=\"\" loading=\"lazy\" \/><\/div><\/div><\/div><\/div><\/div><div class=\"vc_col-sm-4 wpb_column vc_column_container\"><div class=\"vc_column-inner\"><div class=\"wpb_wrapper\"><div class=\"w-image has_ratio align_none\"><div class=\"w-image-h\"><div style=\"padding-bottom:150%\"><\/div><img decoding=\"async\" width=\"682\" height=\"1024\" src=\"https:\/\/gem-equitation.fr\/lookbook\/wp-content\/uploads\/2022\/05\/amortisseur-mouton-682x1024.jpeg\" class=\"attachment-large size-large\" alt=\"\" loading=\"lazy\" \/><\/div><\/div><\/div><\/div><\/div><div class=\"vc_col-sm-12 wpb_column vc_column_container\"><div class=\"vc_column-inner\"><div class=\"wpb_wrapper\"><div class=\"g-cols wpb_row us_custom_c70c97eb via_flex valign_top type_default stacking_default\"><div class=\"vc_col-sm-4 wpb_column vc_column_container\"><div class=\"vc_column-inner\"><div class=\"wpb_wrapper\"><div class=\"w-separator size_medium\"><\/div><div class=\"wpb_text_column us_custom_197c2058 has_text_color\"><div class=\"wpb_wrapper\"><p style=\"text-align: center;\"><strong>Pantalon Dark orage<\/strong><\/p>\n<\/div><\/div><div class=\"wpb_text_column us_custom_b2c39291 has_text_color\"><div class=\"wpb_wrapper\"><div class=\"\" style=\"text-align: center;\">\n<div class=\"page\" title=\"Page 2\">\n<div class=\"layoutArea\">\n<div class=\"column\">\n<p>La mati\u00e8re si confortable du pantalon Dark est <strong>un indispensable<\/strong> pour mes s\u00e9ances de tous les jours !<br \/>\nLe coloris orage <strong>convient avec beaucoup de mes tenues<\/strong> et j&rsquo;adore \u00e7a, plus de prise de t\u00eate pour s&rsquo;habiller \ud83d\ude42<\/p>\n<\/div>\n<\/div>\n<\/div>\n<\/div>\n<\/div><\/div><div class=\"w-separator size_small\"><\/div><div class=\"w-btn-wrapper align_center\"><a class=\"w-btn us-btn-style_1\" href=\"https:\/\/gem-equitation.fr\/fr\/pantalon-equitation-gem\/459-pantalon-dark-gem-equitation.html?search_query=dark&amp;results=1#\/44-taille_pantalons-32\/413-couleurs_textile-bleu_orage\"><span class=\"w-btn-label\">Je fonce !<\/span><\/a><\/div><div class=\"w-separator size_medium\"><\/div><\/div><\/div><\/div><div class=\"vc_col-sm-4 wpb_column vc_column_container\"><div class=\"vc_column-inner us_custom_9dda942b\"><div class=\"wpb_wrapper\"><div class=\"w-separator size_medium\"><\/div><div class=\"wpb_text_column us_custom_197c2058 has_text_color\"><div class=\"wpb_wrapper\"><p style=\"text-align: center;\"><strong>Visi\u00e8re Mati noire<\/strong><\/p>\n<\/div><\/div><div class=\"wpb_text_column us_custom_b2c39291 justify has_text_color\"><div class=\"wpb_wrapper\"><p style=\"text-align: center;\"><strong>Ma favorite du moment<\/strong>, je ne quitte plus ma visi\u00e8re pour monter ma jument !<br \/>\nC&rsquo;est tellement plus agr\u00e9able de pouvoir monter <strong>sans avoir le soleil dans les yeux<\/strong>, j&rsquo;en suis fan.<\/p>\n<\/div><\/div><div class=\"w-separator size_medium\"><\/div><div class=\"w-btn-wrapper align_center\"><a class=\"w-btn us-btn-style_1\" href=\"https:\/\/gem-equitation.fr\/fr\/accessoires\/727-visiere-mati.html?search_query=mati&amp;results=28\"><span class=\"w-btn-label\">Je craque !<\/span><\/a><\/div><div class=\"w-separator size_medium\"><\/div><\/div><\/div><\/div><div class=\"vc_col-sm-4 wpb_column vc_column_container\"><div class=\"vc_column-inner us_custom_10c3aa03\"><div class=\"wpb_wrapper\"><div class=\"w-separator size_medium\"><\/div><div class=\"wpb_text_column us_custom_197c2058 has_text_color\"><div class=\"wpb_wrapper\"><p style=\"text-align: center;\"><strong>Amortisseur 3D mouton<\/strong><\/p>\n<\/div><\/div><div class=\"wpb_text_column us_custom_b2c39291 has_text_color\"><div class=\"wpb_wrapper\"><p style=\"text-align: center;\"><strong>Si classe et esth\u00e9tique<\/strong>, l&rsquo;amortisseur 3D mouton ne reste jamais au placard avec moi ! Il vient peaufiner tous les looks que je fais porter \u00e0 ma jument, peu importe la couleur \ud83d\ude09<\/p>\n<\/div><\/div><div class=\"w-separator size_medium\"><\/div><div class=\"w-btn-wrapper align_center\"><a class=\"w-btn us-btn-style_1\" href=\"https:\/\/gem-equitation.fr\/fr\/accueil\/553-amortisseur-3d-mouton-cheval-ou-poney-3683080446165.html?search_query=amortisseur+&amp;results=5\"><span class=\"w-btn-label\">J&rsquo;ach\u00e8te direct !<\/span><\/a><\/div><div class=\"w-separator size_medium\"><\/div><\/div><\/div><\/div><\/div><\/div><\/div><\/div><\/div><\/div><\/section><section class=\"l-section wpb_row height_medium\"><div class=\"l-section-h i-cf\"><div class=\"g-cols vc_row via_flex valign_top type_default stacking_default\"><div class=\"vc_col-sm-12 wpb_column vc_column_container\"><div class=\"vc_column-inner\"><div class=\"wpb_wrapper\">[vc_custom_heading text=\u00a0\u00bbD\u00e9couvrez tous nos UNIVERS !\u00a0\u00bb font_container=\u00a0\u00bbtag:h5|text_align:center\u00a0\u00bb use_theme_fonts=\u00a0\u00bbyes\u00a0\u00bb css=\u00a0\u00bb%7B%22default%22%3A%7B%22font-weight%22%3A%22800%22%2C%22font-size%22%3A%223rem%22%7D%7D\u00a0\u00bb]<div class=\"w-separator size_medium\"><\/div><div class=\"g-cols wpb_row via_flex valign_middle type_default stacking_default\" style=\"--additional-gap:15PX;\"><div class=\"vc_col-sm-4 wpb_column vc_column_container has_bg_color has-link\"><div class=\"vc_column-inner us_custom_3e80f423\"><div class=\"vc_column-overlay\" style=\"background:rgba(0,0,0,0.20)\"><\/div><div class=\"wpb_wrapper\"><div class=\"wpb_text_column us_custom_478cb800 has_text_color\"><div class=\"wpb_wrapper\"><p style=\"text-align: center;\"><strong>COUP DE COEUR<\/strong><\/p>\n<\/div><\/div><\/div><\/div><a title=\"Univers coup de coeur\" href=\"https:\/\/gem-equitation.fr\/lookbook\/univers-coup-de-coeur-gem-equitation\/\" class=\"vc_column-link smooth-scroll\"><\/a><\/div><div class=\"vc_col-sm-4 wpb_column vc_column_container has_bg_color has-link\"><div class=\"vc_column-inner us_custom_df9cf7dc\"><div class=\"vc_column-overlay\" style=\"background:rgba(0,0,0,0.20)\"><\/div><div class=\"wpb_wrapper\"><div class=\"wpb_text_column us_custom_478cb800 has_text_color\"><div class=\"wpb_wrapper\"><p style=\"text-align: center;\"><strong>DRESSAGE<\/strong><\/p>\n<\/div><\/div><\/div><\/div><a title=\"Univers dressage\" href=\"https:\/\/gem-equitation.fr\/lookbook\/univers-dressage-gem-equitation\/\" class=\"vc_column-link smooth-scroll\"><\/a><\/div><div class=\"vc_col-sm-4 wpb_column vc_column_container has_bg_color has-link\"><div class=\"vc_column-inner us_custom_1bb384ec\"><div class=\"vc_column-overlay\" style=\"background:rgba(0,0,0,0.20)\"><\/div><div class=\"wpb_wrapper\"><div class=\"wpb_text_column us_custom_478cb800 has_text_color\"><div class=\"wpb_wrapper\"><p style=\"text-align: center;\"><strong>CONCOURS<\/strong><\/p>\n<\/div><\/div><\/div><\/div><a title=\"Univers concours\" href=\"https:\/\/gem-equitation.fr\/lookbook\/univers-concours-gem-equitation\/\" class=\"vc_column-link smooth-scroll\"><\/a><\/div><\/div><div class=\"w-separator size_custom\" style=\"height:15PX\"><\/div><div class=\"g-cols wpb_row via_flex valign_middle type_default stacking_default\" style=\"--additional-gap:15PX;\"><div class=\"vc_col-sm-4 wpb_column vc_column_container has_bg_color has-link\"><div class=\"vc_column-inner us_custom_336e0b14\"><div class=\"vc_column-overlay\" style=\"background:rgba(0,0,0,0.20)\"><\/div><div class=\"wpb_wrapper\"><div class=\"wpb_text_column us_custom_478cb800 has_text_color\"><div class=\"wpb_wrapper\"><p style=\"text-align: center;\"><strong>OBSTACLE<\/strong><\/p>\n<\/div><\/div><\/div><\/div><a title=\"Univers obstacle\" href=\"https:\/\/gem-equitation.fr\/lookbook\/univers-obstacle-gem-equitation\/\" class=\"vc_column-link smooth-scroll\"><\/a><\/div><div class=\"vc_col-sm-4 wpb_column vc_column_container has_bg_color has-link\"><div class=\"vc_column-inner us_custom_3c140bf2\"><div class=\"vc_column-overlay\" style=\"background:rgba(0,0,0,0.20)\"><\/div><div class=\"wpb_wrapper\"><div class=\"wpb_text_column us_custom_478cb800 has_text_color\"><div class=\"wpb_wrapper\"><p style=\"text-align: center;\"><strong>AU BOX<\/strong><\/p>\n<\/div><\/div><\/div><\/div><a title=\"Univers au box\" href=\"https:\/\/gem-equitation.fr\/lookbook\/univers-au-box-gem-equitation\/\" class=\"vc_column-link smooth-scroll\"><\/a><\/div><div class=\"vc_col-sm-4 wpb_column vc_column_container has_bg_color has-link\"><div class=\"vc_column-inner us_custom_409cb0e6\"><div class=\"vc_column-overlay\" style=\"background:rgba(0,0,0,0.20)\"><\/div><div class=\"wpb_wrapper\"><div class=\"wpb_text_column us_custom_478cb800 has_text_color\"><div class=\"wpb_wrapper\"><p style=\"text-align: center;\"><strong>PERSONNALISATION<\/strong><\/p>\n<\/div><\/div><\/div><\/div><a title=\"Univers personnalisation\" href=\"https:\/\/gem-equitation.fr\/lookbook\/univers-personnalisation-gem-equitation\/\" class=\"vc_column-link smooth-scroll\"><\/a><\/div><\/div><\/div><\/div><\/div><\/div><\/div><\/section><section class=\"l-section wpb_row height_medium\"><div class=\"l-section-h i-cf\"><div class=\"g-cols vc_row via_flex valign_top type_default stacking_default\"><div class=\"vc_col-sm-12 wpb_column vc_column_container\"><div class=\"vc_column-inner\"><div class=\"wpb_wrapper\">[vc_custom_heading text=\u00a0\u00bbD\u00e9couvrez tous nos UNIVERS !\u00a0\u00bb font_container=\u00a0\u00bbtag:h5|text_align:center\u00a0\u00bb use_theme_fonts=\u00a0\u00bbyes\u00a0\u00bb css=\u00a0\u00bb%7B%22default%22%3A%7B%22font-weight%22%3A%22800%22%2C%22font-size%22%3A%223rem%22%7D%7D\u00a0\u00bb]<div class=\"w-separator size_medium\"><\/div><div class=\"g-cols wpb_row via_flex valign_middle type_default stacking_default\" style=\"--additional-gap:15PX;\"><div class=\"vc_col-sm-4 wpb_column vc_column_container has_bg_color has-link\"><div class=\"vc_column-inner us_custom_ec99b068\"><div class=\"vc_column-overlay\" style=\"background:rgba(0,0,0,0.20)\"><\/div><div class=\"wpb_wrapper\"><div class=\"wpb_text_column us_custom_478cb800 has_text_color\"><div class=\"wpb_wrapper\"><p>COUP DE COEUR<\/p>\n<\/div><\/div><\/div><\/div><a title=\"Univers coup de coeur\" href=\"https:\/\/gem-equitation.fr\/lookbook\/univers-coup-de-coeur-gem-equitation\/\" class=\"vc_column-link smooth-scroll\"><\/a><\/div><div class=\"vc_col-sm-4 wpb_column vc_column_container has_bg_color has-link\"><div class=\"vc_column-inner us_custom_ec99b068\"><div class=\"vc_column-overlay\" style=\"background:rgba(0,0,0,0.20)\"><\/div><div class=\"wpb_wrapper\"><div class=\"wpb_text_column us_custom_478cb800 has_text_color\"><div class=\"wpb_wrapper\"><p>DRESSAGE<\/p>\n<\/div><\/div><\/div><\/div><a title=\"Univers dressage\" href=\"https:\/\/gem-equitation.fr\/lookbook\/univers-dressage-gem-equitation\/\" class=\"vc_column-link smooth-scroll\"><\/a><\/div><div class=\"vc_col-sm-4 wpb_column vc_column_container has_bg_color has-link\"><div class=\"vc_column-inner us_custom_25583c6f\"><div class=\"vc_column-overlay\" style=\"background:rgba(0,0,0,0.20)\"><\/div><div class=\"wpb_wrapper\"><div class=\"wpb_text_column us_custom_478cb800 has_text_color\"><div class=\"wpb_wrapper\"><p>CONCOURS<\/p>\n<\/div><\/div><\/div><\/div><a title=\"Univers concours\" href=\"https:\/\/gem-equitation.fr\/lookbook\/univers-concours-gem-equitation\/\" class=\"vc_column-link smooth-scroll\"><\/a><\/div><\/div><div class=\"w-separator size_custom\" style=\"height:15PX\"><\/div><div class=\"g-cols wpb_row via_flex valign_middle type_default stacking_default\" style=\"--additional-gap:15PX;\"><div class=\"vc_col-sm-4 wpb_column vc_column_container has_bg_color has-link\"><div class=\"vc_column-inner us_custom_ec99b068\"><div class=\"vc_column-overlay\" style=\"background:rgba(0,0,0,0.20)\"><\/div><div class=\"wpb_wrapper\"><div class=\"wpb_text_column us_custom_478cb800 has_text_color\"><div class=\"wpb_wrapper\"><p>OBSTACLE<\/p>\n<\/div><\/div><\/div><\/div><a title=\"Univers obstacle\" href=\"https:\/\/gem-equitation.fr\/lookbook\/univers-obstacle-gem-equitation\/\" class=\"vc_column-link smooth-scroll\"><\/a><\/div><div class=\"vc_col-sm-4 wpb_column vc_column_container has_bg_color has-link\"><div class=\"vc_column-inner us_custom_ec99b068\"><div class=\"vc_column-overlay\" style=\"background:rgba(0,0,0,0.20)\"><\/div><div class=\"wpb_wrapper\"><div class=\"wpb_text_column us_custom_478cb800 has_text_color\"><div class=\"wpb_wrapper\"><p>AU BOX<\/p>\n<\/div><\/div><\/div><\/div><a title=\"Univers au box\" href=\"https:\/\/gem-equitation.fr\/lookbook\/univers-au-box-gem-equitation\/\" class=\"vc_column-link smooth-scroll\"><\/a><\/div><div class=\"vc_col-sm-4 wpb_column vc_column_container has_bg_color has-link\"><div class=\"vc_column-inner us_custom_ec99b068\"><div class=\"vc_column-overlay\" style=\"background:rgba(0,0,0,0.20)\"><\/div><div class=\"wpb_wrapper\"><div class=\"wpb_text_column us_custom_478cb800 has_text_color\"><div class=\"wpb_wrapper\"><p>PERSONNALISATION<\/p>\n<\/div><\/div><\/div><\/div><a title=\"Univers personnalisation\" href=\"https:\/\/gem-equitation.fr\/lookbook\/univers-personnalisation-gem-equitation\/\" class=\"vc_column-link smooth-scroll\"><\/a><\/div><\/div><\/div><\/div><\/div><\/div><\/div><\/section>\n","protected":false},"excerpt":{"rendered":"","protected":false},"author":4,"featured_media":0,"parent":0,"menu_order":0,"comment_status":"closed","ping_status":"closed","template":"","meta":{"_acf_changed":false,"inline_featured_image":false,"_monsterinsights_skip_tracking":false,"_monsterinsights_sitenote_active":false,"_monsterinsights_sitenote_note":"","_monsterinsights_sitenote_category":0,"footnotes":""},"class_list":["post-2316","page","type-page","status-publish","hentry"],"acf":[],"aioseo_notices":[],"yoast_head":"<!-- This site is optimized with the Yoast SEO plugin v26.8 - https:\/\/yoast.com\/product\/yoast-seo-wordpress\/ -->\n<title>Univers coup de coeur - V\u00eatements et accessoires personnalisables Gem \u00e9quitation Lookbook<\/title>\n<meta name=\"description\" content=\"D\u00e9couvrez l&#039;univers coup de coeur de GEM \u00e9quitation ainsi que l&#039;ensemble des produits, accessoires conseill\u00e9s par l&#039;\u00e9quipe gem !\" \/>\n<meta name=\"robots\" content=\"index, follow, max-snippet:-1, max-image-preview:large, max-video-preview:-1\" \/>\n<link rel=\"canonical\" href=\"https:\/\/gem-equitation.fr\/lookbook\/univers-coup-de-coeur-gem-equitation\/\" \/>\n<meta property=\"og:locale\" content=\"fr_FR\" \/>\n<meta property=\"og:type\" content=\"article\" \/>\n<meta property=\"og:title\" content=\"Univers coup de coeur - V\u00eatements et accessoires personnalisables Gem \u00e9quitation Lookbook\" \/>\n<meta property=\"og:description\" content=\"D\u00e9couvrez l&#039;univers coup de coeur de GEM \u00e9quitation ainsi que l&#039;ensemble des produits, accessoires conseill\u00e9s par l&#039;\u00e9quipe gem !\" \/>\n<meta property=\"og:url\" content=\"https:\/\/gem-equitation.fr\/lookbook\/univers-coup-de-coeur-gem-equitation\/\" \/>\n<meta property=\"og:site_name\" content=\"V\u00eatements et accessoires personnalisables Gem \u00e9quitation Lookbook\" \/>\n<meta property=\"article:publisher\" content=\"https:\/\/www.facebook.com\/GEMequitation\/\" \/>\n<meta property=\"article:modified_time\" content=\"2022-06-08T14:42:25+00:00\" \/>\n<meta name=\"twitter:card\" content=\"summary_large_image\" \/>\n<meta name=\"twitter:label1\" content=\"Dur\u00e9e de lecture estim\u00e9e\" \/>\n\t<meta name=\"twitter:data1\" content=\"9 minutes\" \/>\n<script type=\"application\/ld+json\" class=\"yoast-schema-graph\">{\"@context\":\"https:\/\/schema.org\",\"@graph\":[{\"@type\":\"WebPage\",\"@id\":\"https:\/\/gem-equitation.fr\/lookbook\/univers-coup-de-coeur-gem-equitation\/\",\"url\":\"https:\/\/gem-equitation.fr\/lookbook\/univers-coup-de-coeur-gem-equitation\/\",\"name\":\"Univers coup de coeur - V\u00eatements et accessoires personnalisables Gem \u00e9quitation Lookbook\",\"isPartOf\":{\"@id\":\"https:\/\/gem-equitation.fr\/lookbook\/#website\"},\"datePublished\":\"2021-02-10T14:17:26+00:00\",\"dateModified\":\"2022-06-08T14:42:25+00:00\",\"description\":\"D\u00e9couvrez l'univers coup de coeur de GEM \u00e9quitation ainsi que l'ensemble des produits, accessoires conseill\u00e9s par l'\u00e9quipe gem !\",\"breadcrumb\":{\"@id\":\"https:\/\/gem-equitation.fr\/lookbook\/univers-coup-de-coeur-gem-equitation\/#breadcrumb\"},\"inLanguage\":\"fr-FR\",\"potentialAction\":[{\"@type\":\"ReadAction\",\"target\":[\"https:\/\/gem-equitation.fr\/lookbook\/univers-coup-de-coeur-gem-equitation\/\"]}]},{\"@type\":\"BreadcrumbList\",\"@id\":\"https:\/\/gem-equitation.fr\/lookbook\/univers-coup-de-coeur-gem-equitation\/#breadcrumb\",\"itemListElement\":[{\"@type\":\"ListItem\",\"position\":1,\"name\":\"Accueil\",\"item\":\"https:\/\/gem-equitation.fr\/lookbook\/\"},{\"@type\":\"ListItem\",\"position\":2,\"name\":\"Univers coup de coeur\"}]},{\"@type\":\"WebSite\",\"@id\":\"https:\/\/gem-equitation.fr\/lookbook\/#website\",\"url\":\"https:\/\/gem-equitation.fr\/lookbook\/\",\"name\":\"V\u00eatements et accessoires personnalisables Gem \u00e9quitation Lookbook\",\"description\":\"V\u00eatements et accessoires personnalisables\",\"publisher\":{\"@id\":\"https:\/\/gem-equitation.fr\/lookbook\/#organization\"},\"potentialAction\":[{\"@type\":\"SearchAction\",\"target\":{\"@type\":\"EntryPoint\",\"urlTemplate\":\"https:\/\/gem-equitation.fr\/lookbook\/?s={search_term_string}\"},\"query-input\":{\"@type\":\"PropertyValueSpecification\",\"valueRequired\":true,\"valueName\":\"search_term_string\"}}],\"inLanguage\":\"fr-FR\"},{\"@type\":\"Organization\",\"@id\":\"https:\/\/gem-equitation.fr\/lookbook\/#organization\",\"name\":\"V\u00eatements et accessoires personnalisables Gem \u00e9quitation Lookbook\",\"url\":\"https:\/\/gem-equitation.fr\/lookbook\/\",\"logo\":{\"@type\":\"ImageObject\",\"inLanguage\":\"fr-FR\",\"@id\":\"https:\/\/gem-equitation.fr\/lookbook\/#\/schema\/logo\/image\/\",\"url\":\"https:\/\/gem-equitation.fr\/lookbook\/wp-content\/uploads\/2023\/03\/logo-1678185479.png\",\"contentUrl\":\"https:\/\/gem-equitation.fr\/lookbook\/wp-content\/uploads\/2023\/03\/logo-1678185479.png\",\"width\":500,\"height\":190,\"caption\":\"V\u00eatements et accessoires personnalisables Gem \u00e9quitation Lookbook\"},\"image\":{\"@id\":\"https:\/\/gem-equitation.fr\/lookbook\/#\/schema\/logo\/image\/\"},\"sameAs\":[\"https:\/\/www.facebook.com\/GEMequitation\/\",\"https:\/\/www.instagram.com\/GEMequitation\/\",\"https:\/\/www.pinterest.fr\/GEMequitation\/\"]}]}<\/script>\n<!-- \/ Yoast SEO plugin. -->","yoast_head_json":{"title":"Univers coup de coeur - V\u00eatements et accessoires personnalisables Gem \u00e9quitation Lookbook","description":"D\u00e9couvrez l'univers coup de coeur de GEM \u00e9quitation ainsi que l'ensemble des produits, accessoires conseill\u00e9s par l'\u00e9quipe gem !","robots":{"index":"index","follow":"follow","max-snippet":"max-snippet:-1","max-image-preview":"max-image-preview:large","max-video-preview":"max-video-preview:-1"},"canonical":"https:\/\/gem-equitation.fr\/lookbook\/univers-coup-de-coeur-gem-equitation\/","og_locale":"fr_FR","og_type":"article","og_title":"Univers coup de coeur - V\u00eatements et accessoires personnalisables Gem \u00e9quitation Lookbook","og_description":"D\u00e9couvrez l'univers coup de coeur de GEM \u00e9quitation ainsi que l'ensemble des produits, accessoires conseill\u00e9s par l'\u00e9quipe gem !","og_url":"https:\/\/gem-equitation.fr\/lookbook\/univers-coup-de-coeur-gem-equitation\/","og_site_name":"V\u00eatements et accessoires personnalisables Gem \u00e9quitation Lookbook","article_publisher":"https:\/\/www.facebook.com\/GEMequitation\/","article_modified_time":"2022-06-08T14:42:25+00:00","twitter_card":"summary_large_image","twitter_misc":{"Dur\u00e9e de lecture estim\u00e9e":"9 minutes"},"schema":{"@context":"https:\/\/schema.org","@graph":[{"@type":"WebPage","@id":"https:\/\/gem-equitation.fr\/lookbook\/univers-coup-de-coeur-gem-equitation\/","url":"https:\/\/gem-equitation.fr\/lookbook\/univers-coup-de-coeur-gem-equitation\/","name":"Univers coup de coeur - V\u00eatements et accessoires personnalisables Gem \u00e9quitation Lookbook","isPartOf":{"@id":"https:\/\/gem-equitation.fr\/lookbook\/#website"},"datePublished":"2021-02-10T14:17:26+00:00","dateModified":"2022-06-08T14:42:25+00:00","description":"D\u00e9couvrez l'univers coup de coeur de GEM \u00e9quitation ainsi que l'ensemble des produits, accessoires conseill\u00e9s par l'\u00e9quipe gem !","breadcrumb":{"@id":"https:\/\/gem-equitation.fr\/lookbook\/univers-coup-de-coeur-gem-equitation\/#breadcrumb"},"inLanguage":"fr-FR","potentialAction":[{"@type":"ReadAction","target":["https:\/\/gem-equitation.fr\/lookbook\/univers-coup-de-coeur-gem-equitation\/"]}]},{"@type":"BreadcrumbList","@id":"https:\/\/gem-equitation.fr\/lookbook\/univers-coup-de-coeur-gem-equitation\/#breadcrumb","itemListElement":[{"@type":"ListItem","position":1,"name":"Accueil","item":"https:\/\/gem-equitation.fr\/lookbook\/"},{"@type":"ListItem","position":2,"name":"Univers coup de coeur"}]},{"@type":"WebSite","@id":"https:\/\/gem-equitation.fr\/lookbook\/#website","url":"https:\/\/gem-equitation.fr\/lookbook\/","name":"V\u00eatements et accessoires personnalisables Gem \u00e9quitation Lookbook","description":"V\u00eatements et accessoires personnalisables","publisher":{"@id":"https:\/\/gem-equitation.fr\/lookbook\/#organization"},"potentialAction":[{"@type":"SearchAction","target":{"@type":"EntryPoint","urlTemplate":"https:\/\/gem-equitation.fr\/lookbook\/?s={search_term_string}"},"query-input":{"@type":"PropertyValueSpecification","valueRequired":true,"valueName":"search_term_string"}}],"inLanguage":"fr-FR"},{"@type":"Organization","@id":"https:\/\/gem-equitation.fr\/lookbook\/#organization","name":"V\u00eatements et accessoires personnalisables Gem \u00e9quitation Lookbook","url":"https:\/\/gem-equitation.fr\/lookbook\/","logo":{"@type":"ImageObject","inLanguage":"fr-FR","@id":"https:\/\/gem-equitation.fr\/lookbook\/#\/schema\/logo\/image\/","url":"https:\/\/gem-equitation.fr\/lookbook\/wp-content\/uploads\/2023\/03\/logo-1678185479.png","contentUrl":"https:\/\/gem-equitation.fr\/lookbook\/wp-content\/uploads\/2023\/03\/logo-1678185479.png","width":500,"height":190,"caption":"V\u00eatements et accessoires personnalisables Gem \u00e9quitation Lookbook"},"image":{"@id":"https:\/\/gem-equitation.fr\/lookbook\/#\/schema\/logo\/image\/"},"sameAs":["https:\/\/www.facebook.com\/GEMequitation\/","https:\/\/www.instagram.com\/GEMequitation\/","https:\/\/www.pinterest.fr\/GEMequitation\/"]}]}},"_links":{"self":[{"href":"https:\/\/gem-equitation.fr\/lookbook\/wp-json\/wp\/v2\/pages\/2316","targetHints":{"allow":["GET"]}}],"collection":[{"href":"https:\/\/gem-equitation.fr\/lookbook\/wp-json\/wp\/v2\/pages"}],"about":[{"href":"https:\/\/gem-equitation.fr\/lookbook\/wp-json\/wp\/v2\/types\/page"}],"author":[{"embeddable":true,"href":"https:\/\/gem-equitation.fr\/lookbook\/wp-json\/wp\/v2\/users\/4"}],"replies":[{"embeddable":true,"href":"https:\/\/gem-equitation.fr\/lookbook\/wp-json\/wp\/v2\/comments?post=2316"}],"version-history":[{"count":239,"href":"https:\/\/gem-equitation.fr\/lookbook\/wp-json\/wp\/v2\/pages\/2316\/revisions"}],"predecessor-version":[{"id":9781,"href":"https:\/\/gem-equitation.fr\/lookbook\/wp-json\/wp\/v2\/pages\/2316\/revisions\/9781"}],"wp:attachment":[{"href":"https:\/\/gem-equitation.fr\/lookbook\/wp-json\/wp\/v2\/media?parent=2316"}],"curies":[{"name":"wp","href":"https:\/\/api.w.org\/{rel}","templated":true}]}}